{"id":2046,"date":"2020-12-09T12:43:12","date_gmt":"2020-12-09T11:43:12","guid":{"rendered":"https:\/\/dijasporars.com\/?page_id=2046"},"modified":"2023-05-25T12:18:26","modified_gmt":"2023-05-25T10:18:26","slug":"vijesti-dijaspora","status":"publish","type":"page","link":"https:\/\/dijasporars.com\/en\/vijesti-dijaspora\/","title":{"rendered":"Diaspora news"},"content":{"rendered":"<div class=\"vc_row wpb_row vc_row-fluid\"><div class=\"wpb_column vc_column_container vc_col-sm-12\"><div class=\"vc_column-inner\"><div class=\"wpb_wrapper\"><div  class=\"vc_wp_text wpb_content_element\"><div class=\"widget widget_text\">\t\t\t<div class=\"textwidget\"><div class=\"pt-cv-wrapper\">\n<div class=\"pt-cv-view pt-cv-grid pt-cv-colsys\" id=\"pt-cv-view-cd7b7e5lug\">\n<div data-id=\"pt-cv-page-1\" class=\"pt-cv-page\" data-cvc=\"2\">\n<div class=\"col-md-6 col-sm-6 col-xs-12 pt-cv-content-item pt-cv-1-col\" >\n<div class='pt-cv-ifield'><a href=\"https:\/\/dijasporars.com\/en\/karavan-kulture-put-srpske-bastine-kroz-evropu\/\" class=\"_self pt-cv-href-thumbnail pt-cv-thumb-default\" target=\"_self\" ><img loading=\"lazy\" decoding=\"async\" width=\"424\" height=\"600\" src=\"https:\/\/dijasporars.com\/wp-content\/uploads\/2026\/04\/\u0424\u043e\u0442\u043e-\u0420\u0430\u0441\u0435\u0458\u0430\u045a\u0435-\u0438\u043d\u0444\u043e.jpg\" class=\"pt-cv-thumbnail\" alt=\"\" \/><\/a><\/p>\n<h4 class=\"pt-cv-title\"><a href=\"https:\/\/dijasporars.com\/en\/karavan-kulture-put-srpske-bastine-kroz-evropu\/\" class=\"_self\" target=\"_self\" >Culture Caravan \u2013 Serbian Heritage Journey through Europe<\/a><\/h4>\n<div class=\"pt-cv-content\">The Caravan of Culture set off from Belgrade on its journey to Europe led by music professor Petar Gojkovi\u0107 from Paris. The Culture Caravan travels to European<\/p>\n<div class=\"pt-cv-rmwrap\"><a href=\"https:\/\/dijasporars.com\/en\/karavan-kulture-put-srpske-bastine-kroz-evropu\/\" class=\"_self pt-cv-readmore btn btn-success\" target=\"_self\">Raad more<\/a><\/div>\n<\/div>\n<\/div>\n<\/div>\n<div class=\"col-md-6 col-sm-6 col-xs-12 pt-cv-content-item pt-cv-1-col\" >\n<div class='pt-cv-ifield'><a href=\"https:\/\/dijasporars.com\/en\/sastanak-sefa-predstavnistva-u-austriji-sa-delegacijom-irbrs\/\" class=\"_self pt-cv-href-thumbnail pt-cv-thumb-default\" target=\"_self\" ><img loading=\"lazy\" decoding=\"async\" width=\"450\" height=\"600\" src=\"https:\/\/dijasporars.com\/wp-content\/uploads\/2026\/04\/\u0424\u043e\u0442\u043e-\u041f\u0440\u0435\u0434\u0441\u0442\u0430\u0432\u043d\u0438\u0448\u0442\u0432\u043e-\u0420\u0435\u043f\u0443\u0431\u043b\u0438\u043a\u0435-\u0421\u0440\u043f\u0441\u043a\u0435-\u0443-\u0420\u0435\u043f\u0443\u0431\u043b\u0438\u0446\u0438-\u0410\u0443\u0441\u0442\u0440\u0438\u0458\u0438.jpg\" class=\"pt-cv-thumbnail\" alt=\"\" \/><\/a><\/p>\n<h4 class=\"pt-cv-title\"><a href=\"https:\/\/dijasporars.com\/en\/sastanak-sefa-predstavnistva-u-austriji-sa-delegacijom-irbrs\/\" class=\"_self\" target=\"_self\" >Meeting of Representation Head with IDBRS Delegation<\/a><\/h4>\n<div class=\"pt-cv-content\">A delegation of the Investment Development Bank of the Republic of Srpska, led by Acting Director Nedeljko \u0106ori\u0107, paid a three-day visit to Vienna, during which<\/p>\n<div class=\"pt-cv-rmwrap\"><a href=\"https:\/\/dijasporars.com\/en\/sastanak-sefa-predstavnistva-u-austriji-sa-delegacijom-irbrs\/\" class=\"_self pt-cv-readmore btn btn-success\" target=\"_self\">Raad more<\/a><\/div>\n<\/div>\n<\/div>\n<\/div>\n<div class=\"col-md-6 col-sm-6 col-xs-12 pt-cv-content-item pt-cv-1-col\" >\n<div class='pt-cv-ifield'><a href=\"https:\/\/dijasporars.com\/en\/doprinos-kulturi-nase-dijaspore-u-becu\/\" class=\"_self pt-cv-href-thumbnail pt-cv-thumb-default\" target=\"_self\" ><img loading=\"lazy\" decoding=\"async\" width=\"688\" height=\"387\" src=\"https:\/\/dijasporars.com\/wp-content\/uploads\/2026\/04\/\u0424\u043e\u0442\u043e-\u041c-\u041d\u0438\u043a\u0438\u045b.jpg\" class=\"pt-cv-thumbnail\" alt=\"\" \/><\/a><\/p>\n<h4 class=\"pt-cv-title\"><a href=\"https:\/\/dijasporars.com\/en\/doprinos-kulturi-nase-dijaspore-u-becu\/\" class=\"_self\" target=\"_self\" >Contribution to Our Diaspora\u2019s Culture in Vienna<\/a><\/h4>\n<div class=\"pt-cv-content\">Svetlana Mati\u0107 has been working for years on preserving the Serbian language and Cyrillic script, as well as traditions and national identity in Austria. The Cultural and Educational<\/p>\n<div class=\"pt-cv-rmwrap\"><a href=\"https:\/\/dijasporars.com\/en\/doprinos-kulturi-nase-dijaspore-u-becu\/\" class=\"_self pt-cv-readmore btn btn-success\" target=\"_self\">Raad more<\/a><\/div>\n<\/div>\n<\/div>\n<\/div>\n<div class=\"col-md-6 col-sm-6 col-xs-12 pt-cv-content-item pt-cv-1-col\" >\n<div class='pt-cv-ifield'><a href=\"https:\/\/dijasporars.com\/en\/akcija-kultura-nas-spaja-knjiga-ujedinjuje-pocinje-u-obrenovcu\/\" class=\"_self pt-cv-href-thumbnail pt-cv-thumb-default\" target=\"_self\" ><img loading=\"lazy\" decoding=\"async\" width=\"480\" height=\"600\" src=\"https:\/\/dijasporars.com\/wp-content\/uploads\/2026\/04\/\u0424\u043e\u0442\u043e-\u041f\u0440\u0435\u0434\u0441\u0442\u0430\u0432\u043d\u0438\u0448\u0442\u0432\u043e-\u0420\u0435\u043f\u0443\u0431\u043b\u0438\u043a\u0435-\u0421\u0440\u043f\u0441\u043a\u0435-\u0443-\u0421\u0440\u0431\u0438\u0458\u0438.jpg\" class=\"pt-cv-thumbnail\" alt=\"\" \/><\/a><\/p>\n<h4 class=\"pt-cv-title\"><a href=\"https:\/\/dijasporars.com\/en\/akcija-kultura-nas-spaja-knjiga-ujedinjuje-pocinje-u-obrenovcu\/\" class=\"_self\" target=\"_self\" >Culture Connects Us, Books Unite Us Campaign Begins in Obrenovac<\/a><\/h4>\n<div class=\"pt-cv-content\">A delegation from the Representative Office of the Republic of Srpska in Serbia, led by the Head of the Representation Mla\u0111en Cicovi\u0107, will visit the Municipality of Obrenovac on 23 April 2026,<\/p>\n<div class=\"pt-cv-rmwrap\"><a href=\"https:\/\/dijasporars.com\/en\/akcija-kultura-nas-spaja-knjiga-ujedinjuje-pocinje-u-obrenovcu\/\" class=\"_self pt-cv-readmore btn btn-success\" target=\"_self\">Raad more<\/a><\/div>\n<\/div>\n<\/div>\n<\/div>\n<div class=\"col-md-6 col-sm-6 col-xs-12 pt-cv-content-item pt-cv-1-col\" >\n<div class='pt-cv-ifield'><a href=\"https:\/\/dijasporars.com\/en\/delagacija-muzeja-republike-srpske-u-luvru-zmijanjski-vez-od-23-aprila-u-parizu\/\" class=\"_self pt-cv-href-thumbnail pt-cv-thumb-default\" target=\"_self\" ><img loading=\"lazy\" decoding=\"async\" width=\"658\" height=\"493\" src=\"https:\/\/dijasporars.com\/wp-content\/uploads\/2026\/04\/\u0424\u043e\u0442\u043e-\u0423\u0441\u0442\u0443\u043f\u0459\u0435\u043d\u0430-\u0444\u043e\u0442\u043e\u0433\u0440\u0430\u0444\u0438\u0458\u0430.jpg\" class=\"pt-cv-thumbnail\" alt=\"\" \/><\/a><\/p>\n<h4 class=\"pt-cv-title\"><a href=\"https:\/\/dijasporars.com\/en\/delagacija-muzeja-republike-srpske-u-luvru-zmijanjski-vez-od-23-aprila-u-parizu\/\" class=\"_self\" target=\"_self\" >Republic of Srpska Museum Delegation at the Louvre; Zmijanje Embroidery in Paris from 23 April<\/a><\/h4>\n<div class=\"pt-cv-content\">On the first day of the official visit to Paris, together with associates from the Museum of the Republic of Srpska, the Director of the Museum Davor Strika had a meeting at<\/p>\n<div class=\"pt-cv-rmwrap\"><a href=\"https:\/\/dijasporars.com\/en\/delagacija-muzeja-republike-srpske-u-luvru-zmijanjski-vez-od-23-aprila-u-parizu\/\" class=\"_self pt-cv-readmore btn btn-success\" target=\"_self\">Raad more<\/a><\/div>\n<\/div>\n<\/div>\n<\/div>\n<div class=\"col-md-6 col-sm-6 col-xs-12 pt-cv-content-item pt-cv-1-col\" >\n<div class='pt-cv-ifield'><a href=\"https:\/\/dijasporars.com\/en\/ministar-klokic-u-becu-na-panel-diskusiji-o-dejtonskom-mirovnom-sporazumu\/\" class=\"_self pt-cv-href-thumbnail pt-cv-thumb-default\" target=\"_self\" ><img loading=\"lazy\" decoding=\"async\" width=\"711\" height=\"600\" src=\"https:\/\/dijasporars.com\/wp-content\/uploads\/2026\/04\/\u0424\u043e\u0442\u043e-\u041c\u0438\u043d\u0438\u0441\u0442\u0430\u0440\u0441\u0442\u0432\u043e-\u0437\u0430-\u0435\u0432\u0440\u043e\u043f\u0441\u043a\u0435-\u0438\u043d\u0442\u0435\u0433\u0440\u0430\u0446\u0438\u0458\u0435-\u0438-\u043c\u0435\u0452\u0443\u043d\u0430\u0440\u043e\u0434\u043d\u0443-\u0441\u0430\u0440\u0430\u0434\u045a\u0443.jpg\" class=\"pt-cv-thumbnail\" alt=\"\" \/><\/a><\/p>\n<h4 class=\"pt-cv-title\"><a href=\"https:\/\/dijasporars.com\/en\/ministar-klokic-u-becu-na-panel-diskusiji-o-dejtonskom-mirovnom-sporazumu\/\" class=\"_self\" target=\"_self\" >Minister Kloki\u0107 in Vienna at Panel Discussion on Dayton Peace Agreement<\/a><\/h4>\n<div class=\"pt-cv-content\">A scientific panel discussion entitled The Dayton Framework and Political Realities in Bosnia and Herzegovina was held in Vienna yesterday, dedicated to the analysis<\/p>\n<div class=\"pt-cv-rmwrap\"><a href=\"https:\/\/dijasporars.com\/en\/ministar-klokic-u-becu-na-panel-diskusiji-o-dejtonskom-mirovnom-sporazumu\/\" class=\"_self pt-cv-readmore btn btn-success\" target=\"_self\">Raad more<\/a><\/div>\n<\/div>\n<\/div>\n<\/div>\n<div class=\"col-md-6 col-sm-6 col-xs-12 pt-cv-content-item pt-cv-1-col\" >\n<div class='pt-cv-ifield'><a href=\"https:\/\/dijasporars.com\/en\/dijaspora-pokazala-jedinstvo-vaskrs-spojio-srbe-na-svim-kontinentima\/\" class=\"_self pt-cv-href-thumbnail pt-cv-thumb-default\" target=\"_self\" ><img loading=\"lazy\" decoding=\"async\" width=\"900\" height=\"580\" src=\"https:\/\/dijasporars.com\/wp-content\/uploads\/2026\/04\/\u0424\u043e\u0442\u043e.jpg\" class=\"pt-cv-thumbnail\" alt=\"\" \/><\/a><\/p>\n<h4 class=\"pt-cv-title\"><a href=\"https:\/\/dijasporars.com\/en\/dijaspora-pokazala-jedinstvo-vaskrs-spojio-srbe-na-svim-kontinentima\/\" class=\"_self\" target=\"_self\" >Diaspora Shows Unity: Easter Unites Serbs on All Continents<\/a><\/h4>\n<div class=\"pt-cv-content\">The Serbian diaspora celebrated Easter across the planet by gathering under the arches of Serbian Orthodox Church temples, from Europe to South America. Through<\/p>\n<div class=\"pt-cv-rmwrap\"><a href=\"https:\/\/dijasporars.com\/en\/dijaspora-pokazala-jedinstvo-vaskrs-spojio-srbe-na-svim-kontinentima\/\" class=\"_self pt-cv-readmore btn btn-success\" target=\"_self\">Raad more<\/a><\/div>\n<\/div>\n<\/div>\n<\/div>\n<div class=\"col-md-6 col-sm-6 col-xs-12 pt-cv-content-item pt-cv-1-col\" >\n<div class='pt-cv-ifield'><a href=\"https:\/\/dijasporars.com\/en\/homoljski-motivi-dijaspore-okupili-srbe-u-lonigu\/\" class=\"_self pt-cv-href-thumbnail pt-cv-thumb-default\" target=\"_self\" ><img loading=\"lazy\" decoding=\"async\" width=\"900\" height=\"450\" src=\"https:\/\/dijasporars.com\/wp-content\/uploads\/2026\/04\/\u0424\u043e\u0442\u043e-\u0421\u0430\u0432\u0435\u0437-\u0421\u0440\u0431\u0430-\u0421\u043b\u043e\u0432\u0435\u043d\u0438\u0458\u0435.jpg\" class=\"pt-cv-thumbnail\" alt=\"\" \/><\/a><\/p>\n<h4 class=\"pt-cv-title\"><a href=\"https:\/\/dijasporars.com\/en\/homoljski-motivi-dijaspore-okupili-srbe-u-lonigu\/\" class=\"_self\" target=\"_self\" >Homolje Motives of the Diaspora Gather Serbs in Lonigo<\/a><\/h4>\n<div class=\"pt-cv-content\">On 28 February 2026, the Italian city of Lonigo held the event Homolje Motives of the Diaspora, organized by the Mladost Cultural Association of Serbs<\/p>\n<div class=\"pt-cv-rmwrap\"><a href=\"https:\/\/dijasporars.com\/en\/homoljski-motivi-dijaspore-okupili-srbe-u-lonigu\/\" class=\"_self pt-cv-readmore btn btn-success\" target=\"_self\">Raad more<\/a><\/div>\n<\/div>\n<\/div>\n<\/div>\n<div class=\"col-md-6 col-sm-6 col-xs-12 pt-cv-content-item pt-cv-1-col\" >\n<div class='pt-cv-ifield'><a href=\"https:\/\/dijasporars.com\/en\/u-ime-ljudi-i-mira-tesla-literarni-konkurs-tesline-naucne-fondacije-za-sve-osnovce\/\" class=\"_self pt-cv-href-thumbnail pt-cv-thumb-default\" target=\"_self\" ><img loading=\"lazy\" decoding=\"async\" width=\"400\" height=\"600\" src=\"https:\/\/dijasporars.com\/wp-content\/uploads\/2026\/04\/naglradni-konkurs-za-decu-tesline-naucne-fondacije.jpg\" class=\"pt-cv-thumbnail\" alt=\"\" \/><\/a><\/p>\n<h4 class=\"pt-cv-title\"><a href=\"https:\/\/dijasporars.com\/en\/u-ime-ljudi-i-mira-tesla-literarni-konkurs-tesline-naucne-fondacije-za-sve-osnovce\/\" class=\"_self\" target=\"_self\" >In the Name of People and Peace \u2013 Tesla: Tesla Science Foundation Literary Competition for All Elementary School Students<\/a><\/h4>\n<div class=\"pt-cv-content\">The Tesla Science Foundation of Serbia is announcing its award-winning literary competition within the traditional event Tesla Days for all elementary school students from<\/p>\n<div class=\"pt-cv-rmwrap\"><a href=\"https:\/\/dijasporars.com\/en\/u-ime-ljudi-i-mira-tesla-literarni-konkurs-tesline-naucne-fondacije-za-sve-osnovce\/\" class=\"_self pt-cv-readmore btn btn-success\" target=\"_self\">Raad more<\/a><\/div>\n<\/div>\n<\/div>\n<\/div>\n<div class=\"col-md-6 col-sm-6 col-xs-12 pt-cv-content-item pt-cv-1-col\" >\n<div class='pt-cv-ifield'><a href=\"https:\/\/dijasporars.com\/en\/ljetnji-kampovi-za-mlade-povezuju-dijasporu-i-maticu\/\" class=\"_self pt-cv-href-thumbnail pt-cv-thumb-default\" target=\"_self\" ><img loading=\"lazy\" decoding=\"async\" width=\"900\" height=\"591\" src=\"https:\/\/dijasporars.com\/wp-content\/uploads\/2026\/04\/\u0424\u043e\u0442\u043e-\u0414\u0435\u043d\u0438\u0441-\u0416\u0438\u0432\u043a\u043e\u0432\u0438\u045b.jpg\" class=\"pt-cv-thumbnail\" alt=\"\" \/><\/a><\/p>\n<h4 class=\"pt-cv-title\"><a href=\"https:\/\/dijasporars.com\/en\/ljetnji-kampovi-za-mlade-povezuju-dijasporu-i-maticu\/\" class=\"_self\" target=\"_self\" >Youth Summer Camps Connect Diaspora and Homeland<\/a><\/h4>\n<div class=\"pt-cv-content\">The Minister without portfolio in the Government of the Republic of Serbia, responsible for monitoring the situation, proposing measures and participating in the coordination of activities in the field of<\/p>\n<div class=\"pt-cv-rmwrap\"><a href=\"https:\/\/dijasporars.com\/en\/ljetnji-kampovi-za-mlade-povezuju-dijasporu-i-maticu\/\" class=\"_self pt-cv-readmore btn btn-success\" target=\"_self\">Raad more<\/a><\/div>\n<\/div>\n<\/div>\n<\/div>\n<div class=\"col-md-6 col-sm-6 col-xs-12 pt-cv-content-item pt-cv-1-col\" >\n<div class='pt-cv-ifield'><a href=\"https:\/\/dijasporars.com\/en\/leadbalkans-2026-u-tirani-ka-cirkulaciji-znanja-i-jacim-vezama-sa-dijasporom\/\" class=\"_self pt-cv-href-thumbnail pt-cv-thumb-default\" target=\"_self\" ><img loading=\"lazy\" decoding=\"async\" width=\"852\" height=\"600\" src=\"https:\/\/dijasporars.com\/wp-content\/uploads\/2026\/04\/\u0424\u043e\u0442\u043e-\u0422\u0430\u0447\u043a\u0430-\u043f\u043e\u0432\u0440\u0430\u0442\u043a\u0430.png\" class=\"pt-cv-thumbnail\" alt=\"\" \/><\/a><\/p>\n<h4 class=\"pt-cv-title\"><a href=\"https:\/\/dijasporars.com\/en\/leadbalkans-2026-u-tirani-ka-cirkulaciji-znanja-i-jacim-vezama-sa-dijasporom\/\" class=\"_self\" target=\"_self\" >LeadBalkans 2026 in Tirana: Towards Knowledge Circulation and Stronger Ties with the Diaspora<\/a><\/h4>\n<div class=\"pt-cv-content\">At the end of February, representatives of institutions, organizations, academia and the diaspora gathered in Tirana to open one of the key<\/p>\n<div class=\"pt-cv-rmwrap\"><a href=\"https:\/\/dijasporars.com\/en\/leadbalkans-2026-u-tirani-ka-cirkulaciji-znanja-i-jacim-vezama-sa-dijasporom\/\" class=\"_self pt-cv-readmore btn btn-success\" target=\"_self\">Raad more<\/a><\/div>\n<\/div>\n<\/div>\n<\/div>\n<div class=\"col-md-6 col-sm-6 col-xs-12 pt-cv-content-item pt-cv-1-col\" >\n<div class='pt-cv-ifield'><a href=\"https:\/\/dijasporars.com\/en\/skolski-muzej-u-trstu-most-izmedju-predaka-i-novih-generacija\/\" class=\"_self pt-cv-href-thumbnail pt-cv-thumb-default\" target=\"_self\" ><img loading=\"lazy\" decoding=\"async\" width=\"700\" height=\"394\" src=\"https:\/\/dijasporars.com\/wp-content\/uploads\/2022\/12\/\u0424\u043e\u0442\u043e-Deutsche-Welle-DW.jpg\" class=\"pt-cv-thumbnail\" alt=\"\" srcset=\"https:\/\/dijasporars.com\/wp-content\/uploads\/2022\/12\/\u0424\u043e\u0442\u043e-Deutsche-Welle-DW.jpg 700w, https:\/\/dijasporars.com\/wp-content\/uploads\/2022\/12\/\u0424\u043e\u0442\u043e-Deutsche-Welle-DW-300x169.jpg 300w, https:\/\/dijasporars.com\/wp-content\/uploads\/2022\/12\/\u0424\u043e\u0442\u043e-Deutsche-Welle-DW-18x10.jpg 18w, https:\/\/dijasporars.com\/wp-content\/uploads\/2022\/12\/\u0424\u043e\u0442\u043e-Deutsche-Welle-DW-600x338.jpg 600w\" sizes=\"auto, (max-width: 700px) 100vw, 700px\" \/><\/a><\/p>\n<h4 class=\"pt-cv-title\"><a href=\"https:\/\/dijasporars.com\/en\/skolski-muzej-u-trstu-most-izmedju-predaka-i-novih-generacija\/\" class=\"_self\" target=\"_self\" >Trieste School Museum \u2013 Bridge between Ancestors and New Generations<\/a><\/h4>\n<div class=\"pt-cv-content\">A series of thematic workshops entitled Museums \u2013 Guardians of Tradition and Culture were held in recent days in the premises of the Jovan Mileti\u0107 Serbian Supplementary School in Trieste, a school of the Ministry of Education of the Republic of Serbia<\/p>\n<div class=\"pt-cv-rmwrap\"><a href=\"https:\/\/dijasporars.com\/en\/skolski-muzej-u-trstu-most-izmedju-predaka-i-novih-generacija\/\" class=\"_self pt-cv-readmore btn btn-success\" target=\"_self\">Raad more<\/a><\/div>\n<\/div>\n<\/div>\n<\/div>\n<div class=\"col-md-6 col-sm-6 col-xs-12 pt-cv-content-item pt-cv-1-col\" >\n<div class='pt-cv-ifield'><a href=\"https:\/\/dijasporars.com\/en\/odrzana-konferencija-srpskih-nacionalnih-organizacija-iz-zemalja-regiona\/\" class=\"_self pt-cv-href-thumbnail pt-cv-thumb-default\" target=\"_self\" ><img loading=\"lazy\" decoding=\"async\" width=\"520\" height=\"245\" src=\"https:\/\/dijasporars.com\/wp-content\/uploads\/2026\/04\/\u0424\u043e\u0442\u043e-\u0423\u043f\u0440\u0430\u0432\u0430-\u0437\u0430-\u0441\u0430\u0440\u0430\u0434\u045a\u0443-\u0441-\u0434\u0438\u0458\u0430\u0441\u043f\u043e\u0440\u043e\u043c-\u0438-\u0421\u0440\u0431\u0438\u043c\u0430-\u0443-\u0440\u0435\u0433\u0438\u043e\u043d\u0443.jpg\" class=\"pt-cv-thumbnail\" alt=\"\" \/><\/a><\/p>\n<h4 class=\"pt-cv-title\"><a href=\"https:\/\/dijasporars.com\/en\/odrzana-konferencija-srpskih-nacionalnih-organizacija-iz-zemalja-regiona\/\" class=\"_self\" target=\"_self\" >Conference of Serbian National Organizations from Countries of the Region Held<\/a><\/h4>\n<div class=\"pt-cv-content\">A Conference of Serbian National Organizations from Countries of the Region was held in the ceremonial hall of Matica Srpska, dedicated to celebrating significant anniversaries \u2013 the 850th<\/p>\n<div class=\"pt-cv-rmwrap\"><a href=\"https:\/\/dijasporars.com\/en\/odrzana-konferencija-srpskih-nacionalnih-organizacija-iz-zemalja-regiona\/\" class=\"_self pt-cv-readmore btn btn-success\" target=\"_self\">Raad more<\/a><\/div>\n<\/div>\n<\/div>\n<\/div>\n<div class=\"col-md-6 col-sm-6 col-xs-12 pt-cv-content-item pt-cv-1-col\" >\n<div class='pt-cv-ifield'><a href=\"https:\/\/dijasporars.com\/en\/cetvrto-vece-srpske-kulture-u-bavarskoj\/\" class=\"_self pt-cv-href-thumbnail pt-cv-thumb-default\" target=\"_self\" ><img loading=\"lazy\" decoding=\"async\" width=\"640\" height=\"359\" src=\"https:\/\/dijasporars.com\/wp-content\/uploads\/2026\/04\/\u0424\u043e\u0442\u043e-BSAF-Promedia.jpg\" class=\"pt-cv-thumbnail\" alt=\"\" \/><\/a><\/p>\n<h4 class=\"pt-cv-title\"><a href=\"https:\/\/dijasporars.com\/en\/cetvrto-vece-srpske-kulture-u-bavarskoj\/\" class=\"_self\" target=\"_self\" >Fourth Serbian Culture Evening in Bavaria<\/a><\/h4>\n<div class=\"pt-cv-content\">Representatives of the Munich-based Bavarian-Serbian Academic Forum held their fourth Evening of Serbian Culture in Bavaria. The evening opened officially<\/p>\n<div class=\"pt-cv-rmwrap\"><a href=\"https:\/\/dijasporars.com\/en\/cetvrto-vece-srpske-kulture-u-bavarskoj\/\" class=\"_self pt-cv-readmore btn btn-success\" target=\"_self\">Raad more<\/a><\/div>\n<\/div>\n<\/div>\n<\/div>\n<div class=\"col-md-6 col-sm-6 col-xs-12 pt-cv-content-item pt-cv-1-col\" >\n<div class='pt-cv-ifield'><a href=\"https:\/\/dijasporars.com\/en\/projekat-stazama-karadjordjevica-kroz-republiku-srpsku-predstavljen-u-beogradu\/\" class=\"_self pt-cv-href-thumbnail pt-cv-thumb-default\" target=\"_self\" ><img loading=\"lazy\" decoding=\"async\" width=\"750\" height=\"420\" src=\"https:\/\/dijasporars.com\/wp-content\/uploads\/2026\/03\/\u0424\u043e\u0442\u043e-\u0412\u043b\u0430\u0434\u0430-\u0420\u0435\u043f\u0443\u0431\u043b\u0438\u043a\u0435-\u0421\u0440\u043f\u0441\u043a\u0435-2.jpg\" class=\"pt-cv-thumbnail\" alt=\"\" \/><\/a><\/p>\n<h4 class=\"pt-cv-title\"><a href=\"https:\/\/dijasporars.com\/en\/projekat-stazama-karadjordjevica-kroz-republiku-srpsku-predstavljen-u-beogradu\/\" class=\"_self\" target=\"_self\" >Kara\u0111or\u0111evi\u0107 Trails through Republic of Srpska Project Presented in Belgrade<\/a><\/h4>\n<div class=\"pt-cv-content\">A delegation of the Ministry of Trade and Tourism of the Republic of Srpska paid a working visit to Belgrade and Oplenac on Friday, 27 March 2026,<\/p>\n<div class=\"pt-cv-rmwrap\"><a href=\"https:\/\/dijasporars.com\/en\/projekat-stazama-karadjordjevica-kroz-republiku-srpsku-predstavljen-u-beogradu\/\" class=\"_self pt-cv-readmore btn btn-success\" target=\"_self\">Raad more<\/a><\/div>\n<\/div>\n<\/div>\n<\/div>\n<div class=\"col-md-6 col-sm-6 col-xs-12 pt-cv-content-item pt-cv-1-col\" >\n<div class='pt-cv-ifield'><a href=\"https:\/\/dijasporars.com\/en\/otvoren-cetvrti-parlamentarni-forum-republika-srbija-republika-srpska\/\" class=\"_self pt-cv-href-thumbnail pt-cv-thumb-default\" target=\"_self\" ><img loading=\"lazy\" decoding=\"async\" width=\"900\" height=\"600\" src=\"https:\/\/dijasporars.com\/wp-content\/uploads\/2026\/03\/\u0424\u043e\u0442\u043e-\u041d\u0430\u0440\u043e\u0434\u043d\u0430-\u0441\u043a\u0443\u043f\u0448\u0442\u0438\u043d\u0430-\u0420\u0435\u043f\u0443\u0431\u043b\u0438\u043a\u0435-\u0421\u0440\u043f\u0441\u043a\u0435.jpg\" class=\"pt-cv-thumbnail\" alt=\"\" \/><\/a><\/p>\n<h4 class=\"pt-cv-title\"><a href=\"https:\/\/dijasporars.com\/en\/otvoren-cetvrti-parlamentarni-forum-republika-srbija-republika-srpska\/\" class=\"_self\" target=\"_self\" >Fourth Republic of Serbia \u2013 Republic of Srpska Parliamentary Forum Opened<\/a><\/h4>\n<div class=\"pt-cv-content\">The President of the National Assembly of the Republic of Srpska, Dr. Nenad Stevandi\u0107, together with the President of the National Assembly of the Republic of Serbia, Ana Brnabi\u0107, opened the fourth Republic of Serbia \u2013 Republic of Srpska Parliamentary Forum in Belgrade<\/p>\n<div class=\"pt-cv-rmwrap\"><a href=\"https:\/\/dijasporars.com\/en\/otvoren-cetvrti-parlamentarni-forum-republika-srbija-republika-srpska\/\" class=\"_self pt-cv-readmore btn btn-success\" target=\"_self\">Raad more<\/a><\/div>\n<\/div>\n<\/div>\n<\/div>\n<div class=\"col-md-6 col-sm-6 col-xs-12 pt-cv-content-item pt-cv-1-col\" >\n<div class='pt-cv-ifield'><a href=\"https:\/\/dijasporars.com\/en\/minhen-predstavljena-kampanja-zajedno-za-dijasporu\/\" class=\"_self pt-cv-href-thumbnail pt-cv-thumb-default\" target=\"_self\" ><img loading=\"lazy\" decoding=\"async\" width=\"620\" height=\"542\" src=\"https:\/\/dijasporars.com\/wp-content\/uploads\/2026\/03\/\u0424\u043e\u0442\u043e-\u0420\u0430\u0434\u0438\u043e-\u0442\u0435\u043b\u0435\u0432\u0438\u0437\u0438\u0458\u0430-\u0421\u0440\u0431\u0438\u0458\u0435.jpg\" class=\"pt-cv-thumbnail\" alt=\"\" \/><\/a><\/p>\n<h4 class=\"pt-cv-title\"><a href=\"https:\/\/dijasporars.com\/en\/minhen-predstavljena-kampanja-zajedno-za-dijasporu\/\" class=\"_self\" target=\"_self\" >Munich: Together for Diaspora Campaign Presented<\/a><\/h4>\n<div class=\"pt-cv-content\">A forum was held on 20 March in Munich as part of the Together for the Diaspora campaign aimed at improving cooperation between the Serbian economy and the Serbian business diaspora in German-speaking countries<\/p>\n<div class=\"pt-cv-rmwrap\"><a href=\"https:\/\/dijasporars.com\/en\/minhen-predstavljena-kampanja-zajedno-za-dijasporu\/\" class=\"_self pt-cv-readmore btn btn-success\" target=\"_self\">Raad more<\/a><\/div>\n<\/div>\n<\/div>\n<\/div>\n<div class=\"col-md-6 col-sm-6 col-xs-12 pt-cv-content-item pt-cv-1-col\" >\n<div class='pt-cv-ifield'><a href=\"https:\/\/dijasporars.com\/en\/srpska-lista-ponovo-u-parlamentu-stranaca-u-ofenbahu\/\" class=\"_self pt-cv-href-thumbnail pt-cv-thumb-default\" target=\"_self\" ><img loading=\"lazy\" decoding=\"async\" width=\"467\" height=\"600\" src=\"https:\/\/dijasporars.com\/wp-content\/uploads\/2026\/03\/\u0424\u043e\u0442\u043e-\u0420\u0430\u0441\u0435\u0458\u0430\u045a\u0435-\u0438\u043d\u0444\u043e.jpg\" class=\"pt-cv-thumbnail\" alt=\"\" \/><\/a><\/p>\n<h4 class=\"pt-cv-title\"><a href=\"https:\/\/dijasporars.com\/en\/srpska-lista-ponovo-u-parlamentu-stranaca-u-ofenbahu\/\" class=\"_self\" target=\"_self\" >Serbian List in Offenbach Foreigners\u2019 Parliament Again<\/a><\/h4>\n<div class=\"pt-cv-content\">Sara Milovanovi\u0107 elected with 3,800 votes \u2013 30 years of continuity. For Serbs in Offenbach, near Frankfurt am Main in the German<\/p>\n<div class=\"pt-cv-rmwrap\"><a href=\"https:\/\/dijasporars.com\/en\/srpska-lista-ponovo-u-parlamentu-stranaca-u-ofenbahu\/\" class=\"_self pt-cv-readmore btn btn-success\" target=\"_self\">Raad more<\/a><\/div>\n<\/div>\n<\/div>\n<\/div>\n<div class=\"col-md-6 col-sm-6 col-xs-12 pt-cv-content-item pt-cv-1-col\" >\n<div class='pt-cv-ifield'><a href=\"https:\/\/dijasporars.com\/en\/ministar-klokic-dijaspora-kljucni-partner-za-investicije-i-veza-sa-maticom\/\" class=\"_self pt-cv-href-thumbnail pt-cv-thumb-default\" target=\"_self\" ><img loading=\"lazy\" decoding=\"async\" width=\"681\" height=\"600\" src=\"https:\/\/dijasporars.com\/wp-content\/uploads\/2026\/03\/\u0424\u043e\u0442\u043e-\u041c\u0438\u043d\u0438\u0441\u0442\u0430\u0440\u0441\u0442\u0432\u043e-\u0437\u0430-\u0435\u0432\u0440\u043e\u043f\u0441\u043a\u0435-\u0438\u043d\u0442\u0435\u0433\u0440\u0430\u0446\u0438\u0458\u0435-\u0438-\u043c\u0435\u0452\u0443\u043d\u0430\u0440\u043e\u0434\u043d\u0443-\u0441\u0430\u0440\u0430\u0434\u045a\u0443-1.jpg\" class=\"pt-cv-thumbnail\" alt=\"\" \/><\/a><\/p>\n<h4 class=\"pt-cv-title\"><a href=\"https:\/\/dijasporars.com\/en\/ministar-klokic-dijaspora-kljucni-partner-za-investicije-i-veza-sa-maticom\/\" class=\"_self\" target=\"_self\" >Minister Kloki\u0107: Diaspora is Key Investment Partner and Link with Motherland<\/a><\/h4>\n<div class=\"pt-cv-content\">We gathered in Stuttgart at a forum within the Together for the Diaspora initiative, organized in cooperation with the Serbian Chamber of Commerce<\/p>\n<div class=\"pt-cv-rmwrap\"><a href=\"https:\/\/dijasporars.com\/en\/ministar-klokic-dijaspora-kljucni-partner-za-investicije-i-veza-sa-maticom\/\" class=\"_self pt-cv-readmore btn btn-success\" target=\"_self\">Raad more<\/a><\/div>\n<\/div>\n<\/div>\n<\/div>\n<div class=\"col-md-6 col-sm-6 col-xs-12 pt-cv-content-item pt-cv-1-col\" >\n<div class='pt-cv-ifield'><a href=\"https:\/\/dijasporars.com\/en\/odrzana-austrijska-smotra-srpskog-folklora-u-salcburgu\/\" class=\"_self pt-cv-href-thumbnail pt-cv-thumb-default\" target=\"_self\" ><img loading=\"lazy\" decoding=\"async\" width=\"900\" height=\"600\" src=\"https:\/\/dijasporars.com\/wp-content\/uploads\/2026\/03\/\u0424\u043e\u0442\u043e-\u041f\u0440\u0435\u0434\u0441\u0442\u0430\u0432\u043d\u0438\u0448\u0442\u0432\u043e-\u0420\u0435\u043f\u0443\u0431\u043b\u0438\u043a\u0435-\u0421\u0440\u043f\u0441\u043a\u0435-\u0443-\u0420\u0435\u043f\u0443\u0431\u043b\u0438\u0446\u0438-\u0410\u0443\u0441\u0442\u0440\u0438\u0458\u0438-2.jpg\" class=\"pt-cv-thumbnail\" alt=\"\" \/><\/a><\/p>\n<h4 class=\"pt-cv-title\"><a href=\"https:\/\/dijasporars.com\/en\/odrzana-austrijska-smotra-srpskog-folklora-u-salcburgu\/\" class=\"_self\" target=\"_self\" >Austrian Serbian Folklore Festival Held in Salzburg<\/a><\/h4>\n<div class=\"pt-cv-content\">The Austrian Serbian Folklore Festival was held over the weekend in Salzburg.\nThis event is one of the most important cultural events of the Serbian community<\/p>\n<div class=\"pt-cv-rmwrap\"><a href=\"https:\/\/dijasporars.com\/en\/odrzana-austrijska-smotra-srpskog-folklora-u-salcburgu\/\" class=\"_self pt-cv-readmore btn btn-success\" target=\"_self\">Raad more<\/a><\/div>\n<\/div>\n<\/div>\n<\/div>\n<\/div>\n<\/div>\n<\/div>\n<\/div>\n\t\t<\/div><\/div><\/div><\/div><\/div><\/div>","protected":false},"excerpt":{"rendered":"\u201e\u041a\u0430\u0440\u0430\u0432\u0430\u043d \u043a\u0443\u043b\u0442\u0443\u0440\u0435\u201c \u2013 \u043f\u0443\u0442 \u0441\u0440\u043f\u0441\u043a\u0435 \u0431\u0430\u0448\u0442\u0438\u043d\u0435 \u043a\u0440\u043e\u0437 \u0415\u0432\u0440\u043e\u043f\u0443 \u0418\u0437 \u0411\u0435\u043e\u0433\u0440\u0430\u0434\u0430 \u0458\u0435 \u043f\u0443\u0442 \u0415\u0432\u0440\u043e\u043f\u0435 \u043a\u0440\u0435\u043d\u0443\u043e \u201e\u041a\u0430\u0440\u0430\u0432\u0430\u043d \u043a\u0443\u043b\u0442\u0443\u0440\u0435\u201c \u043f\u043e\u0434 \u0432\u043e\u0452\u0441\u0442\u0432\u043e\u043c \u043f\u0440\u043e\u0444. \u043c\u0443\u0437\u0438\u043a\u0435 \u041f\u0435\u0442\u0440\u0430 \u0413\u043e\u0458\u043a\u043e\u0432\u0438\u045b\u0430 \u0438\u0437 \u041f\u0430\u0440\u0438\u0437\u0430. \u201e\u041a\u0430\u0440\u0430\u0432\u0430\u043d \u043a\u0443\u043b\u0442\u0443\u0440\u0435\u201c \u043f\u0443\u0442\u0443\u0458\u0435 \u0435\u0432\u0440\u043e\u043f\u0441\u043a\u0438\u043c ... \u041f\u0440\u043e\u0447\u0438\u0442\u0430\u0458 \u0432\u0438\u0448\u0435 \u0421\u0430\u0441\u0442\u0430\u043d\u0430\u043a \u0448\u0435\u0444\u0430 \u041f\u0440\u0435\u0434\u0441\u0442\u0430\u0432\u043d\u0438\u0448\u0442\u0432\u0430 \u0441\u0430 \u0434\u0435\u043b\u0435\u0433\u0430\u0446\u0438\u0458\u043e\u043c \u0418\u0420\u0411\u0420\u0421 \u0414\u0435\u043b\u0435\u0433\u0430\u0446\u0438\u0458\u0430 \u0418\u043d\u0432\u0435\u0441\u0442\u0438\u0446\u0438\u043e\u043d\u043e-\u0440\u0430\u0437\u0432\u043e\u0458\u043d\u0435 \u0431\u0430\u043d\u043a\u0435 \u0420\u0435\u043f\u0443\u0431\u043b\u0438\u043a\u0435 \u0421\u0440\u043f\u0441\u043a\u0435, \u043f\u0440\u0435\u0434\u0432\u043e\u0452\u0435\u043d\u0430 \u0432\u0440\u0448\u0438\u043e\u0446\u0435\u043c \u0434\u0443\u0436\u043d\u043e\u0441\u0442\u0438 \u0434\u0438\u0440\u0435\u043a\u0442\u043e\u0440\u0430 \u041d\u0435\u0434\u0435\u0459\u043a\u043e\u043c \u040b\u043e\u0440\u0438\u045b\u0435\u043c, \u0431\u043e\u0440\u0430\u0432\u0438\u043b\u0430 \u0458\u0435 \u0443 \u0442\u0440\u043e\u0434\u043d\u0435\u0432\u043d\u043e\u0458 \u043f\u043e\u0441\u0458\u0435\u0442\u0438 \u0411\u0435\u0447\u0443, \u0442\u043e\u043a\u043e\u043c...","protected":false},"author":1,"featured_media":0,"parent":0,"menu_order":0,"comment_status":"closed","ping_status":"closed","template":"","meta":{"footnotes":""},"class_list":["post-2046","page","type-page","status-publish","hentry"],"yoast_head":"<!-- This site is optimized with the Yoast SEO plugin v24.6 - https:\/\/yoast.com\/wordpress\/plugins\/seo\/ -->\n<title>\u0412\u0438\u0458\u0435\u0441\u0442\u0438 \u0434\u0438\u0458\u0430\u0441\u043f\u043e\u0440\u0430 - \u0420\u0435\u043f\u0443\u0431\u043b\u0438\u043a\u0430 \u0421\u0440\u043f\u0441\u043a\u0430 \u0438 \u0434\u0438\u0458\u0430\u0441\u043f\u043e\u0440\u0430<\/title>\n<meta name=\"description\" content=\"Stranica za dijasporu RS, ovdje mo\u017eete prona\u0107i sve informacije, pomo\u0107 i savjete na jednom mjestu.\" \/>\n<meta name=\"robots\" content=\"index, follow, max-snippet:-1, max-image-preview:large, max-video-preview:-1\" \/>\n<link rel=\"canonical\" href=\"https:\/\/dijasporars.com\/en\/vijesti-dijaspora\/\" \/>\n<meta property=\"og:locale\" content=\"en_US\" \/>\n<meta property=\"og:type\" content=\"article\" \/>\n<meta property=\"og:title\" content=\"\u0412\u0438\u0458\u0435\u0441\u0442\u0438 \u0434\u0438\u0458\u0430\u0441\u043f\u043e\u0440\u0430 - \u0420\u0435\u043f\u0443\u0431\u043b\u0438\u043a\u0430 \u0421\u0440\u043f\u0441\u043a\u0430 \u0438 \u0434\u0438\u0458\u0430\u0441\u043f\u043e\u0440\u0430\" \/>\n<meta property=\"og:description\" content=\"Stranica za dijasporu RS, ovdje mo\u017eete prona\u0107i sve informacije, pomo\u0107 i savjete na jednom mjestu.\" \/>\n<meta property=\"og:url\" content=\"https:\/\/dijasporars.com\/en\/vijesti-dijaspora\/\" \/>\n<meta property=\"og:site_name\" content=\"\u0420\u0435\u043f\u0443\u0431\u043b\u0438\u043a\u0430 \u0421\u0440\u043f\u0441\u043a\u0430 \u0438 \u0434\u0438\u0458\u0430\u0441\u043f\u043e\u0440\u0430\" \/>\n<meta property=\"article:modified_time\" content=\"2023-05-25T10:18:26+00:00\" \/>\n<meta name=\"twitter:card\" content=\"summary_large_image\" \/>\n<script type=\"application\/ld+json\" class=\"yoast-schema-graph\">{\"@context\":\"https:\/\/schema.org\",\"@graph\":[{\"@type\":\"WebPage\",\"@id\":\"https:\/\/dijasporars.com\/vijesti-dijaspora\/\",\"url\":\"https:\/\/dijasporars.com\/vijesti-dijaspora\/\",\"name\":\"\u0412\u0438\u0458\u0435\u0441\u0442\u0438 \u0434\u0438\u0458\u0430\u0441\u043f\u043e\u0440\u0430 - \u0420\u0435\u043f\u0443\u0431\u043b\u0438\u043a\u0430 \u0421\u0440\u043f\u0441\u043a\u0430 \u0438 \u0434\u0438\u0458\u0430\u0441\u043f\u043e\u0440\u0430\",\"isPartOf\":{\"@id\":\"https:\/\/dijasporars.com\/#website\"},\"datePublished\":\"2020-12-09T11:43:12+00:00\",\"dateModified\":\"2023-05-25T10:18:26+00:00\",\"description\":\"Stranica za dijasporu RS, ovdje mo\u017eete prona\u0107i sve informacije, pomo\u0107 i savjete na jednom mjestu.\",\"breadcrumb\":{\"@id\":\"https:\/\/dijasporars.com\/vijesti-dijaspora\/#breadcrumb\"},\"inLanguage\":\"en-US\",\"potentialAction\":[{\"@type\":\"ReadAction\",\"target\":[\"https:\/\/dijasporars.com\/vijesti-dijaspora\/\"]}]},{\"@type\":\"BreadcrumbList\",\"@id\":\"https:\/\/dijasporars.com\/vijesti-dijaspora\/#breadcrumb\",\"itemListElement\":[{\"@type\":\"ListItem\",\"position\":1,\"name\":\"\u041f\u043e\u0447\u0435\u0442\u043d\u0430\",\"item\":\"https:\/\/dijasporars.com\/\"},{\"@type\":\"ListItem\",\"position\":2,\"name\":\"\u0412\u0438\u0458\u0435\u0441\u0442\u0438 \u0434\u0438\u0458\u0430\u0441\u043f\u043e\u0440\u0430\"}]},{\"@type\":\"WebSite\",\"@id\":\"https:\/\/dijasporars.com\/#website\",\"url\":\"https:\/\/dijasporars.com\/\",\"name\":\"\u0420\u0435\u043f\u0443\u0431\u043b\u0438\u043a\u0430 \u0421\u0440\u043f\u0441\u043a\u0430 \u0438 \u0434\u0438\u0458\u0430\u0441\u043f\u043e\u0440\u0430\",\"description\":\"\",\"potentialAction\":[{\"@type\":\"SearchAction\",\"target\":{\"@type\":\"EntryPoint\",\"urlTemplate\":\"https:\/\/dijasporars.com\/?s={search_term_string}\"},\"query-input\":{\"@type\":\"PropertyValueSpecification\",\"valueRequired\":true,\"valueName\":\"search_term_string\"}}],\"inLanguage\":\"en-US\"}]}<\/script>\n<!-- \/ Yoast SEO plugin. -->","yoast_head_json":{"title":"\u0412\u0438\u0458\u0435\u0441\u0442\u0438 \u0434\u0438\u0458\u0430\u0441\u043f\u043e\u0440\u0430 - \u0420\u0435\u043f\u0443\u0431\u043b\u0438\u043a\u0430 \u0421\u0440\u043f\u0441\u043a\u0430 \u0438 \u0434\u0438\u0458\u0430\u0441\u043f\u043e\u0440\u0430","description":"Stranica za dijasporu RS, ovdje mo\u017eete prona\u0107i sve informacije, pomo\u0107 i savjete na jednom mjestu.","robots":{"index":"index","follow":"follow","max-snippet":"max-snippet:-1","max-image-preview":"max-image-preview:large","max-video-preview":"max-video-preview:-1"},"canonical":"https:\/\/dijasporars.com\/en\/vijesti-dijaspora\/","og_locale":"en_US","og_type":"article","og_title":"\u0412\u0438\u0458\u0435\u0441\u0442\u0438 \u0434\u0438\u0458\u0430\u0441\u043f\u043e\u0440\u0430 - \u0420\u0435\u043f\u0443\u0431\u043b\u0438\u043a\u0430 \u0421\u0440\u043f\u0441\u043a\u0430 \u0438 \u0434\u0438\u0458\u0430\u0441\u043f\u043e\u0440\u0430","og_description":"Stranica za dijasporu RS, ovdje mo\u017eete prona\u0107i sve informacije, pomo\u0107 i savjete na jednom mjestu.","og_url":"https:\/\/dijasporars.com\/en\/vijesti-dijaspora\/","og_site_name":"\u0420\u0435\u043f\u0443\u0431\u043b\u0438\u043a\u0430 \u0421\u0440\u043f\u0441\u043a\u0430 \u0438 \u0434\u0438\u0458\u0430\u0441\u043f\u043e\u0440\u0430","article_modified_time":"2023-05-25T10:18:26+00:00","twitter_card":"summary_large_image","schema":{"@context":"https:\/\/schema.org","@graph":[{"@type":"WebPage","@id":"https:\/\/dijasporars.com\/vijesti-dijaspora\/","url":"https:\/\/dijasporars.com\/vijesti-dijaspora\/","name":"\u0412\u0438\u0458\u0435\u0441\u0442\u0438 \u0434\u0438\u0458\u0430\u0441\u043f\u043e\u0440\u0430 - \u0420\u0435\u043f\u0443\u0431\u043b\u0438\u043a\u0430 \u0421\u0440\u043f\u0441\u043a\u0430 \u0438 \u0434\u0438\u0458\u0430\u0441\u043f\u043e\u0440\u0430","isPartOf":{"@id":"https:\/\/dijasporars.com\/#website"},"datePublished":"2020-12-09T11:43:12+00:00","dateModified":"2023-05-25T10:18:26+00:00","description":"Stranica za dijasporu RS, ovdje mo\u017eete prona\u0107i sve informacije, pomo\u0107 i savjete na jednom mjestu.","breadcrumb":{"@id":"https:\/\/dijasporars.com\/vijesti-dijaspora\/#breadcrumb"},"inLanguage":"en-US","potentialAction":[{"@type":"ReadAction","target":["https:\/\/dijasporars.com\/vijesti-dijaspora\/"]}]},{"@type":"BreadcrumbList","@id":"https:\/\/dijasporars.com\/vijesti-dijaspora\/#breadcrumb","itemListElement":[{"@type":"ListItem","position":1,"name":"\u041f\u043e\u0447\u0435\u0442\u043d\u0430","item":"https:\/\/dijasporars.com\/"},{"@type":"ListItem","position":2,"name":"\u0412\u0438\u0458\u0435\u0441\u0442\u0438 \u0434\u0438\u0458\u0430\u0441\u043f\u043e\u0440\u0430"}]},{"@type":"WebSite","@id":"https:\/\/dijasporars.com\/#website","url":"https:\/\/dijasporars.com\/","name":"\u0420\u0435\u043f\u0443\u0431\u043b\u0438\u043a\u0430 \u0421\u0440\u043f\u0441\u043a\u0430 \u0438 \u0434\u0438\u0458\u0430\u0441\u043f\u043e\u0440\u0430","description":"","potentialAction":[{"@type":"SearchAction","target":{"@type":"EntryPoint","urlTemplate":"https:\/\/dijasporars.com\/?s={search_term_string}"},"query-input":{"@type":"PropertyValueSpecification","valueRequired":true,"valueName":"search_term_string"}}],"inLanguage":"en-US"}]}},"_links":{"self":[{"href":"https:\/\/dijasporars.com\/en\/wp-json\/wp\/v2\/pages\/2046","targetHints":{"allow":["GET"]}}],"collection":[{"href":"https:\/\/dijasporars.com\/en\/wp-json\/wp\/v2\/pages"}],"about":[{"href":"https:\/\/dijasporars.com\/en\/wp-json\/wp\/v2\/types\/page"}],"author":[{"embeddable":true,"href":"https:\/\/dijasporars.com\/en\/wp-json\/wp\/v2\/users\/1"}],"replies":[{"embeddable":true,"href":"https:\/\/dijasporars.com\/en\/wp-json\/wp\/v2\/comments?post=2046"}],"version-history":[{"count":28,"href":"https:\/\/dijasporars.com\/en\/wp-json\/wp\/v2\/pages\/2046\/revisions"}],"predecessor-version":[{"id":5584,"href":"https:\/\/dijasporars.com\/en\/wp-json\/wp\/v2\/pages\/2046\/revisions\/5584"}],"wp:attachment":[{"href":"https:\/\/dijasporars.com\/en\/wp-json\/wp\/v2\/media?parent=2046"}],"curies":[{"name":"wp","href":"https:\/\/api.w.org\/{rel}","templated":true}]}}