{"id":2061,"date":"2020-12-09T12:55:46","date_gmt":"2020-12-09T11:55:46","guid":{"rendered":"https:\/\/dijasporars.com\/?page_id=2061"},"modified":"2023-05-25T12:32:15","modified_gmt":"2023-05-25T10:32:15","slug":"vijesti-republika-srpska","status":"publish","type":"page","link":"https:\/\/dijasporars.com\/de\/vijesti-republika-srpska\/","title":{"rendered":"Nachrichten Republika Srpska"},"content":{"rendered":"<div class=\"vc_row wpb_row vc_row-fluid\"><div class=\"wpb_column vc_column_container vc_col-sm-12\"><div class=\"vc_column-inner\"><div class=\"wpb_wrapper\"><div  class=\"vc_wp_text wpb_content_element\"><div class=\"widget widget_text\">\t\t\t<div class=\"textwidget\"><div class=\"pt-cv-wrapper\">\n<div class=\"pt-cv-view pt-cv-grid pt-cv-colsys\" id=\"pt-cv-view-fd5a5cek0s\">\n<div data-id=\"pt-cv-page-1\" class=\"pt-cv-page\" data-cvc=\"2\">\n<div class=\"col-md-6 col-sm-6 col-xs-12 pt-cv-content-item pt-cv-1-col\" >\n<div class='pt-cv-ifield'><a href=\"https:\/\/dijasporars.com\/de\/dani-semberije-u-austriji-otvaraju-vrata-domacim-privrednicima\/\" class=\"_self pt-cv-href-thumbnail pt-cv-thumb-default\" target=\"_self\" ><img loading=\"lazy\" decoding=\"async\" width=\"800\" height=\"533\" src=\"https:\/\/dijasporars.com\/wp-content\/uploads\/2026\/04\/\u0424\u043e\u0442\u043e-\u0418\u043d\u0444\u043e\u0411\u0438\u0458\u0435\u0459\u0438\u043d\u0430.jpg\" class=\"pt-cv-thumbnail\" alt=\"\" \/><\/a><\/p>\n<h4 class=\"pt-cv-title\"><a href=\"https:\/\/dijasporars.com\/de\/dani-semberije-u-austriji-otvaraju-vrata-domacim-privrednicima\/\" class=\"_self\" target=\"_self\" >\u201e\u0414\u0430\u043d\u0438 \u0421\u0435\u043c\u0431\u0435\u0440\u0438\u0458\u0435 \u0443 \u0410\u0443\u0441\u0442\u0440\u0438\u0458\u0438\u201c \u043e\u0442\u0432\u0430\u0440\u0430\u0458\u0443 \u0432\u0440\u0430\u0442\u0430 \u0434\u043e\u043c\u0430\u045b\u0438\u043c \u043f\u0440\u0438\u0432\u0440\u0435\u0434\u043d\u0438\u0446\u0438\u043c\u0430<\/a><\/h4>\n<div class=\"pt-cv-content\">\u0423 \u0426\u0435\u043d\u0442\u0440\u0443 \u0437\u0430 \u043a\u0443\u043b\u0442\u0443\u0440\u0443 \u0411\u0438\u0458\u0435\u0459\u0438\u043d\u0430 \u0458\u0443\u0447\u0435 \u0458\u0435 \u043e\u0434\u0440\u0436\u0430\u043d \u0441\u0430\u0441\u0442\u0430\u043d\u0430\u043a \u043f\u0440\u0435\u0434\u0441\u0442\u0430\u0432\u043d\u0438\u043a\u0430 \u041f\u043e\u0434\u0440\u0443\u0447\u043d\u0435 \u043f\u0440\u0438\u0432\u0440\u0435\u0434\u043d\u0435 \u043a\u043e\u043c\u043e\u0440\u0435 \u0411\u0438\u0458\u0435\u0459\u0438\u043d\u0430, \u043b\u043e\u043a\u0430\u043b\u043d\u0438\u0445 \u043f\u0440\u0438\u0432\u0440\u0435\u0434\u043d\u0438\u043a\u0430 \u0438 \u041f\u0440\u0435\u0434\u0441\u0442\u0430\u0432\u043d\u0438\u0448\u0442\u0432\u0430 \u0420\u0435\u043f\u0443\u0431\u043b\u0438\u043a\u0435 \u0421\u0440\u043f\u0441\u043a\u0435 ...<\/p>\n<div class=\"pt-cv-rmwrap\"><a href=\"https:\/\/dijasporars.com\/de\/dani-semberije-u-austriji-otvaraju-vrata-domacim-privrednicima\/\" class=\"_self pt-cv-readmore btn btn-success\" target=\"_self\">Mehr erfahren<\/a><\/div>\n<\/div>\n<\/div>\n<\/div>\n<div class=\"col-md-6 col-sm-6 col-xs-12 pt-cv-content-item pt-cv-1-col\" >\n<div class='pt-cv-ifield'><a href=\"https:\/\/dijasporars.com\/de\/doprinos-kulturi-nase-dijaspore-u-becu\/\" class=\"_self pt-cv-href-thumbnail pt-cv-thumb-default\" target=\"_self\" ><img loading=\"lazy\" decoding=\"async\" width=\"688\" height=\"387\" src=\"https:\/\/dijasporars.com\/wp-content\/uploads\/2026\/04\/\u0424\u043e\u0442\u043e-\u041c-\u041d\u0438\u043a\u0438\u045b.jpg\" class=\"pt-cv-thumbnail\" alt=\"\" \/><\/a><\/p>\n<h4 class=\"pt-cv-title\"><a href=\"https:\/\/dijasporars.com\/de\/doprinos-kulturi-nase-dijaspore-u-becu\/\" class=\"_self\" target=\"_self\" >\u0414\u043e\u043f\u0440\u0438\u043d\u043e\u0441 \u043a\u0443\u043b\u0442\u0443\u0440\u0438 \u043d\u0430\u0448\u0435 \u0434\u0438\u0458\u0430\u0441\u043f\u043e\u0440\u0435 \u0443 \u0411\u0435\u0447\u0443<\/a><\/h4>\n<div class=\"pt-cv-content\">\u0421\u0432\u0435\u0442\u043b\u0430\u043d\u0430 \u041c\u0430\u0442\u0438\u045b \u0432\u0435\u045b \u0433\u043e\u0434\u0438\u043d\u0430\u043c\u0430 \u0440\u0430\u0434\u0438 \u043d\u0430 \u043e\u0447\u0443\u0432\u0430\u045a\u0443 \u0441\u0440\u043f\u0441\u043a\u043e\u0433 \u0458\u0435\u0437\u0438\u043a\u0430 \u0438 \u045b\u0438\u0440\u0438\u043b\u0438\u0446\u0435, \u043a\u0430\u043e \u0438 \u0442\u0440\u0430\u0434\u0438\u0446\u0438\u0458\u0435 \u0438 \u043d\u0430\u0446\u0438\u043e\u043d\u0430\u043b\u043d\u043e\u0433 \u0438\u0434\u0435\u043d\u0442\u0438\u0442\u0435\u0442\u0430 \u0443 \u0410\u0443\u0441\u0442\u0440\u0438\u0458\u0438. \u041a\u0443\u043b\u0442\u0443\u0440\u043d\u043e-\u043f\u0440\u043e\u0441\u0432\u0435\u0442\u043d\u0430 ...<\/p>\n<div class=\"pt-cv-rmwrap\"><a href=\"https:\/\/dijasporars.com\/de\/doprinos-kulturi-nase-dijaspore-u-becu\/\" class=\"_self pt-cv-readmore btn btn-success\" target=\"_self\">Mehr erfahren<\/a><\/div>\n<\/div>\n<\/div>\n<\/div>\n<div class=\"col-md-6 col-sm-6 col-xs-12 pt-cv-content-item pt-cv-1-col\" >\n<div class='pt-cv-ifield'><a href=\"https:\/\/dijasporars.com\/de\/akcija-kultura-nas-spaja-knjiga-ujedinjuje-pocinje-u-obrenovcu\/\" class=\"_self pt-cv-href-thumbnail pt-cv-thumb-default\" target=\"_self\" ><img loading=\"lazy\" decoding=\"async\" width=\"480\" height=\"600\" src=\"https:\/\/dijasporars.com\/wp-content\/uploads\/2026\/04\/\u0424\u043e\u0442\u043e-\u041f\u0440\u0435\u0434\u0441\u0442\u0430\u0432\u043d\u0438\u0448\u0442\u0432\u043e-\u0420\u0435\u043f\u0443\u0431\u043b\u0438\u043a\u0435-\u0421\u0440\u043f\u0441\u043a\u0435-\u0443-\u0421\u0440\u0431\u0438\u0458\u0438.jpg\" class=\"pt-cv-thumbnail\" alt=\"\" \/><\/a><\/p>\n<h4 class=\"pt-cv-title\"><a href=\"https:\/\/dijasporars.com\/de\/akcija-kultura-nas-spaja-knjiga-ujedinjuje-pocinje-u-obrenovcu\/\" class=\"_self\" target=\"_self\" >\u0410\u043a\u0446\u0438\u0458\u0430 \u201e\u041a\u0443\u043b\u0442\u0443\u0440\u0430 \u043d\u0430\u0441 \u0441\u043f\u0430\u0458\u0430, \u043a\u045a\u0438\u0433\u0430 \u0443\u0458\u0435\u0434\u0438\u045a\u0443\u0458\u0435\u201c \u043f\u043e\u0447\u0438\u045a\u0435 \u0443 \u041e\u0431\u0440\u0435\u043d\u043e\u0432\u0446\u0443<\/a><\/h4>\n<div class=\"pt-cv-content\">\u0414\u0435\u043b\u0435\u0433\u0430\u0446\u0438\u0458\u0430 \u041f\u0440\u0435\u0434\u0441\u0442\u0430\u0432\u043d\u0438\u0448\u0442\u0432\u0430 \u0420\u0435\u043f\u0443\u0431\u043b\u0438\u043a\u0435 \u0421\u0440\u043f\u0441\u043a\u0435 \u0443 \u0421\u0440\u0431\u0438\u0458\u0438, \u043a\u043e\u0458\u0443 \u043f\u0440\u0435\u0434\u0432\u043e\u0434\u0438 \u0448\u0435\u0444 \u041f\u0440\u0435\u0434\u0441\u0442\u0430\u0432\u043d\u0438\u0448\u0442\u0432\u0430 \u041c\u043b\u0430\u0452\u0435\u043d \u0426\u0438\u0446\u043e\u0432\u0438\u045b, \u043f\u043e\u0441\u0458\u0435\u0442\u0438\u045b\u0435 23. \u0430\u043f\u0440\u0438\u043b\u0430 2026. \u0433\u043e\u0434\u0438\u043d\u0435 \u0413\u0440\u0430\u0434\u0441\u043a\u0443 \u043e\u043f\u0448\u0442\u0438\u043d\u0443 \u041e\u0431\u0440\u0435\u043d\u043e\u0432\u0430\u0446, ...<\/p>\n<div class=\"pt-cv-rmwrap\"><a href=\"https:\/\/dijasporars.com\/de\/akcija-kultura-nas-spaja-knjiga-ujedinjuje-pocinje-u-obrenovcu\/\" class=\"_self pt-cv-readmore btn btn-success\" target=\"_self\">Mehr erfahren<\/a><\/div>\n<\/div>\n<\/div>\n<\/div>\n<div class=\"col-md-6 col-sm-6 col-xs-12 pt-cv-content-item pt-cv-1-col\" >\n<div class='pt-cv-ifield'><a href=\"https:\/\/dijasporars.com\/de\/u-istocnom-sarajevu-susret-srpskih-zemalja-ocuvanje-kulture-tradicije-i-obicaja\/\" class=\"_self pt-cv-href-thumbnail pt-cv-thumb-default\" target=\"_self\" ><img loading=\"lazy\" decoding=\"async\" width=\"658\" height=\"493\" src=\"https:\/\/dijasporars.com\/wp-content\/uploads\/2026\/04\/\u0424\u043e\u0442\u043e-\u0420\u0422\u0420\u0421.jpg\" class=\"pt-cv-thumbnail\" alt=\"\" \/><\/a><\/p>\n<h4 class=\"pt-cv-title\"><a href=\"https:\/\/dijasporars.com\/de\/u-istocnom-sarajevu-susret-srpskih-zemalja-ocuvanje-kulture-tradicije-i-obicaja\/\" class=\"_self\" target=\"_self\" >\u0423 \u0418\u0441\u0442\u043e\u0447\u043d\u043e\u043c \u0421\u0430\u0440\u0430\u0458\u0435\u0432\u0443 \u0421\u0443\u0441\u0440\u0435\u0442 \u0441\u0440\u043f\u0441\u043a\u0438\u0445 \u0437\u0435\u043c\u0430\u0459\u0430 &#8211; \u043e\u0447\u0443\u0432\u0430\u045a\u0435 \u043a\u0443\u043b\u0442\u0443\u0440\u0435, \u0442\u0440\u0430\u0434\u0438\u0446\u0438\u0458\u0435 \u0438 \u043e\u0431\u0438\u0447\u0430\u0458\u0430<\/a><\/h4>\n<div class=\"pt-cv-content\">\u041f\u0458\u0435\u0441\u043d\u0438\u043a \u0402\u043e\u0440\u0452\u043e \u0421\u043b\u0430\u0434\u043e\u0458\u0435 \u043e\u0432\u043e\u0433\u043e\u0434\u0438\u0448\u045a\u0438 \u0458\u0435 \u0434\u043e\u0431\u0438\u0442\u043d\u0438\u043a \u043d\u0430\u0433\u0440\u0430\u0434\u0435 \u201e\u0414\u043e\u0431\u0440\u0438\u0446\u0430 \u0415\u0440\u0438\u045b\u201c \u043a\u043e\u0458\u0430 \u0441\u0435 \u0434\u043e\u0434\u0458\u0435\u0459\u0443\u0458\u0435 \u0443 \u043e\u043a\u0432\u0438\u0440\u0443 \u0421\u0443\u0441\u0440\u0435\u0442\u0430 \u0441\u0440\u043f\u0441\u043a\u0438\u0445 \u0437\u0435\u043c\u0430\u0459\u0430. \u0426\u0438\u0459 \u043c\u0430\u043d\u0438\u0444\u0435\u0441\u0442\u0430\u0446\u0438\u0458\u0435, \u043a\u043e\u0458\u0430 ...<\/p>\n<div class=\"pt-cv-rmwrap\"><a href=\"https:\/\/dijasporars.com\/de\/u-istocnom-sarajevu-susret-srpskih-zemalja-ocuvanje-kulture-tradicije-i-obicaja\/\" class=\"_self pt-cv-readmore btn btn-success\" target=\"_self\">Mehr erfahren<\/a><\/div>\n<\/div>\n<\/div>\n<\/div>\n<div class=\"col-md-6 col-sm-6 col-xs-12 pt-cv-content-item pt-cv-1-col\" >\n<div class='pt-cv-ifield'><a href=\"https:\/\/dijasporars.com\/de\/u-ime-ljudi-i-mira-tesla-literarni-konkurs-tesline-naucne-fondacije-za-sve-osnovce\/\" class=\"_self pt-cv-href-thumbnail pt-cv-thumb-default\" target=\"_self\" ><img loading=\"lazy\" decoding=\"async\" width=\"400\" height=\"600\" src=\"https:\/\/dijasporars.com\/wp-content\/uploads\/2026\/04\/naglradni-konkurs-za-decu-tesline-naucne-fondacije.jpg\" class=\"pt-cv-thumbnail\" alt=\"\" \/><\/a><\/p>\n<h4 class=\"pt-cv-title\"><a href=\"https:\/\/dijasporars.com\/de\/u-ime-ljudi-i-mira-tesla-literarni-konkurs-tesline-naucne-fondacije-za-sve-osnovce\/\" class=\"_self\" target=\"_self\" >\u201e\u0423 \u0438\u043c\u0435 \u0459\u0443\u0434\u0438 \u0438 \u043c\u0438\u0440\u0430 \u2013 \u0422\u0435\u0441\u043b\u0430\u201d: \u043b\u0438\u0442\u0435\u0440\u0430\u0440\u043d\u0438 \u043a\u043e\u043d\u043a\u0443\u0440\u0441 \u0422\u0435\u0441\u043b\u0438\u043d\u0435 \u043d\u0430\u0443\u0447\u043d\u0435 \u0444\u043e\u043d\u0434\u0430\u0446\u0438\u0458\u0435 \u0437\u0430 \u0441\u0432\u0435 \u043e\u0441\u043d\u043e\u0432\u0446\u0435<\/a><\/h4>\n<div class=\"pt-cv-content\">\u0422\u0435\u0441\u043b\u0438\u043d\u0430 \u043d\u0430\u0443\u0447\u043d\u0430 \u0444\u043e\u043d\u0434\u0430\u0446\u0438\u0458\u0430 \u0421\u0440\u0431\u0438\u0458\u0435 \u0440\u0430\u0441\u043f\u0438\u0441\u0443\u0458\u0435 \u043d\u0430\u0433\u0440\u0430\u0434\u043d\u0438 \u043b\u0438\u0442\u0435\u0440\u0430\u0440\u043d\u0438 \u043a\u043e\u043d\u043a\u0443\u0440\u0441 \u0443 \u043e\u043a\u0432\u0438\u0440\u0443 \u0442\u0440\u0430\u0434\u0438\u0446\u0438\u043e\u043d\u0430\u043b\u043d\u0435 \u043c\u0430\u043d\u0438\u0444\u0435\u0441\u0442\u0430\u0446\u0438\u0458\u0435 \u201e\u0422\u0435\u0441\u043b\u0438\u043d\u0438 \u0434\u0430\u043d\u0438\u201d \u0437\u0430 \u0441\u0432\u0435 \u0443\u0447\u0435\u043d\u0438\u043a\u0435 \u043e\u0441\u043d\u043e\u0432\u043d\u0438\u0445 \u0448\u043a\u043e\u043b\u0430 \u0438\u0437 ...<\/p>\n<div class=\"pt-cv-rmwrap\"><a href=\"https:\/\/dijasporars.com\/de\/u-ime-ljudi-i-mira-tesla-literarni-konkurs-tesline-naucne-fondacije-za-sve-osnovce\/\" class=\"_self pt-cv-readmore btn btn-success\" target=\"_self\">Mehr erfahren<\/a><\/div>\n<\/div>\n<\/div>\n<\/div>\n<div class=\"col-md-6 col-sm-6 col-xs-12 pt-cv-content-item pt-cv-1-col\" >\n<div class='pt-cv-ifield'><a href=\"https:\/\/dijasporars.com\/de\/ljetnji-kampovi-za-mlade-povezuju-dijasporu-i-maticu\/\" class=\"_self pt-cv-href-thumbnail pt-cv-thumb-default\" target=\"_self\" ><img loading=\"lazy\" decoding=\"async\" width=\"900\" height=\"591\" src=\"https:\/\/dijasporars.com\/wp-content\/uploads\/2026\/04\/\u0424\u043e\u0442\u043e-\u0414\u0435\u043d\u0438\u0441-\u0416\u0438\u0432\u043a\u043e\u0432\u0438\u045b.jpg\" class=\"pt-cv-thumbnail\" alt=\"\" \/><\/a><\/p>\n<h4 class=\"pt-cv-title\"><a href=\"https:\/\/dijasporars.com\/de\/ljetnji-kampovi-za-mlade-povezuju-dijasporu-i-maticu\/\" class=\"_self\" target=\"_self\" >Sommercamps f\u00fcr junge Menschen verbinden die Diaspora mit dem Heimatland<\/a><\/h4>\n<div class=\"pt-cv-content\">Der Minister ohne Gesch\u00e4ftsbereich in der Regierung der Republik Serbien, zust\u00e4ndig f\u00fcr die Beobachtung der Lage, die Vorschlagserarbeitung von Ma\u00dfnahmen sowie die Koordinierung von Aktivit\u00e4ten im Bereich ...<\/p>\n<div class=\"pt-cv-rmwrap\"><a href=\"https:\/\/dijasporars.com\/de\/ljetnji-kampovi-za-mlade-povezuju-dijasporu-i-maticu\/\" class=\"_self pt-cv-readmore btn btn-success\" target=\"_self\">Mehr erfahren<\/a><\/div>\n<\/div>\n<\/div>\n<\/div>\n<div class=\"col-md-6 col-sm-6 col-xs-12 pt-cv-content-item pt-cv-1-col\" >\n<div class='pt-cv-ifield'><a href=\"https:\/\/dijasporars.com\/de\/premijer-minic-pozvao-lokalne-zajednice-da-kreiraju-mjere-za-povratak-stanovnistva\/\" class=\"_self pt-cv-href-thumbnail pt-cv-thumb-default\" target=\"_self\" ><img loading=\"lazy\" decoding=\"async\" width=\"750\" height=\"420\" src=\"https:\/\/dijasporars.com\/wp-content\/uploads\/2026\/04\/\u0424\u043e\u0442\u043e-\u0412\u043b\u0430\u0434\u0430-\u0420\u0435\u043f\u0443\u0431\u043b\u0438\u043a\u0435-\u0421\u0440\u043f\u0441\u043a\u0435.jpg\" class=\"pt-cv-thumbnail\" alt=\"\" \/><\/a><\/p>\n<h4 class=\"pt-cv-title\"><a href=\"https:\/\/dijasporars.com\/de\/premijer-minic-pozvao-lokalne-zajednice-da-kreiraju-mjere-za-povratak-stanovnistva\/\" class=\"_self\" target=\"_self\" >\u041f\u0440\u0435\u043c\u0438\u0458\u0435\u0440 \u041c\u0438\u043d\u0438\u045b \u043f\u043e\u0437\u0432\u0430\u043e \u043b\u043e\u043a\u0430\u043b\u043d\u0435 \u0437\u0430\u0458\u0435\u0434\u043d\u0438\u0446\u0435 \u0434\u0430 \u043a\u0440\u0435\u0438\u0440\u0430\u0458\u0443 \u043c\u0458\u0435\u0440\u0435 \u0437\u0430 \u043f\u043e\u0432\u0440\u0430\u0442\u0430\u043a \u0441\u0442\u0430\u043d\u043e\u0432\u043d\u0438\u0448\u0442\u0432\u0430<\/a><\/h4>\n<div class=\"pt-cv-content\">\u041f\u0440\u0435\u0434\u0441\u0458\u0435\u0434\u043d\u0438\u043a \u0412\u043b\u0430\u0434\u0435 \u0420\u0435\u043f\u0443\u0431\u043b\u0438\u043a\u0435 \u0421\u0440\u043f\u0441\u043a\u0435 \u0421\u0430\u0432\u043e \u041c\u0438\u043d\u0438\u045b \u043f\u043e\u0437\u0432\u0430\u043e \u0458\u0435 \u043b\u043e\u043a\u0430\u043b\u043d\u0435 \u0437\u0430\u0458\u0435\u0434\u043d\u0438\u0446\u0435 \u0443 \u0421\u0440\u043f\u0441\u043a\u043e\u0458 \u0434\u0430 \u0441\u043b\u0438\u0458\u0435\u0434\u0435 \u043f\u0440\u0438\u043c\u0458\u0435\u0440 \u0428\u0435\u043a\u043e\u0432\u0438\u045b\u0430 \u0438 \u043a\u0440\u0435\u0438\u0440\u0430\u0458\u0443 \u043c\u0458\u0435\u0440\u0435 \u0437\u0430 ...<\/p>\n<div class=\"pt-cv-rmwrap\"><a href=\"https:\/\/dijasporars.com\/de\/premijer-minic-pozvao-lokalne-zajednice-da-kreiraju-mjere-za-povratak-stanovnistva\/\" class=\"_self pt-cv-readmore btn btn-success\" target=\"_self\">Mehr erfahren<\/a><\/div>\n<\/div>\n<\/div>\n<\/div>\n<div class=\"col-md-6 col-sm-6 col-xs-12 pt-cv-content-item pt-cv-1-col\" >\n<div class='pt-cv-ifield'><a href=\"https:\/\/dijasporars.com\/de\/projekat-stazama-karadjordjevica-kroz-republiku-srpsku-predstavljen-u-beogradu\/\" class=\"_self pt-cv-href-thumbnail pt-cv-thumb-default\" target=\"_self\" ><img loading=\"lazy\" decoding=\"async\" width=\"750\" height=\"420\" src=\"https:\/\/dijasporars.com\/wp-content\/uploads\/2026\/03\/\u0424\u043e\u0442\u043e-\u0412\u043b\u0430\u0434\u0430-\u0420\u0435\u043f\u0443\u0431\u043b\u0438\u043a\u0435-\u0421\u0440\u043f\u0441\u043a\u0435-2.jpg\" class=\"pt-cv-thumbnail\" alt=\"\" \/><\/a><\/p>\n<h4 class=\"pt-cv-title\"><a href=\"https:\/\/dijasporars.com\/de\/projekat-stazama-karadjordjevica-kroz-republiku-srpsku-predstavljen-u-beogradu\/\" class=\"_self\" target=\"_self\" >\u041f\u0440\u043e\u0458\u0435\u043a\u0430\u0442 \u201e\u0421\u0442\u0430\u0437\u0430\u043c\u0430 \u041a\u0430\u0440\u0430\u0452\u043e\u0440\u0452\u0435\u0432\u0438\u045b\u0430 \u043a\u0440\u043e\u0437 \u0420\u0435\u043f\u0443\u0431\u043b\u0438\u043a\u0443 \u0421\u0440\u043f\u0441\u043a\u0443\u201c \u043f\u0440\u0435\u0434\u0441\u0442\u0430\u0432\u0459\u0435\u043d \u0443 \u0411\u0435\u043e\u0433\u0440\u0430\u0434\u0443<\/a><\/h4>\n<div class=\"pt-cv-content\">\u0414\u0435\u043b\u0435\u0433\u0430\u0446\u0438\u0458\u0430 \u041c\u0438\u043d\u0438\u0441\u0442\u0430\u0440\u0441\u0442\u0432\u0430 \u0442\u0440\u0433\u043e\u0432\u0438\u043d\u0435 \u0438 \u0442\u0443\u0440\u0438\u0437\u043c\u0430 \u0420\u0435\u043f\u0443\u0431\u043b\u0438\u043a\u0435 \u0421\u0440\u043f\u0441\u043a\u0435 \u0431\u043e\u0440\u0430\u0432\u0438\u043b\u0430 \u0458\u0435 \u0443 \u043f\u0435\u0442\u0430\u043a, 27. \u043c\u0430\u0440\u0442\u0430 2026. \u0433\u043e\u0434\u0438\u043d\u0435, \u0443 \u0440\u0430\u0434\u043d\u043e\u0458 \u043f\u043e\u0441\u0458\u0435\u0442\u0438 \u0411\u0435\u043e\u0433\u0440\u0430\u0434\u0443 \u0438 ...<\/p>\n<div class=\"pt-cv-rmwrap\"><a href=\"https:\/\/dijasporars.com\/de\/projekat-stazama-karadjordjevica-kroz-republiku-srpsku-predstavljen-u-beogradu\/\" class=\"_self pt-cv-readmore btn btn-success\" target=\"_self\">Mehr erfahren<\/a><\/div>\n<\/div>\n<\/div>\n<\/div>\n<div class=\"col-md-6 col-sm-6 col-xs-12 pt-cv-content-item pt-cv-1-col\" >\n<div class='pt-cv-ifield'><a href=\"https:\/\/dijasporars.com\/de\/otvoren-cetvrti-parlamentarni-forum-republika-srbija-republika-srpska\/\" class=\"_self pt-cv-href-thumbnail pt-cv-thumb-default\" target=\"_self\" ><img loading=\"lazy\" decoding=\"async\" width=\"900\" height=\"600\" src=\"https:\/\/dijasporars.com\/wp-content\/uploads\/2026\/03\/\u0424\u043e\u0442\u043e-\u041d\u0430\u0440\u043e\u0434\u043d\u0430-\u0441\u043a\u0443\u043f\u0448\u0442\u0438\u043d\u0430-\u0420\u0435\u043f\u0443\u0431\u043b\u0438\u043a\u0435-\u0421\u0440\u043f\u0441\u043a\u0435.jpg\" class=\"pt-cv-thumbnail\" alt=\"\" \/><\/a><\/p>\n<h4 class=\"pt-cv-title\"><a href=\"https:\/\/dijasporars.com\/de\/otvoren-cetvrti-parlamentarni-forum-republika-srbija-republika-srpska\/\" class=\"_self\" target=\"_self\" >\u041e\u0442\u0432\u043e\u0440\u0435\u043d \u0447\u0435\u0442\u0432\u0440\u0442\u0438 \u041f\u0430\u0440\u043b\u0430\u043c\u0435\u043d\u0442\u0430\u0440\u043d\u0438 \u0444\u043e\u0440\u0443\u043c \u0420\u0435\u043f\u0443\u0431\u043b\u0438\u043a\u0430 \u0421\u0440\u0431\u0438\u0458\u0430 \u2013 \u0420\u0435\u043f\u0443\u0431\u043b\u0438\u043a\u0430 \u0421\u0440\u043f\u0441\u043a\u0430<\/a><\/h4>\n<div class=\"pt-cv-content\">\u041f\u0440\u0435\u0434\u0441\u0458\u0435\u0434\u043d\u0438\u043a \u041d\u0430\u0440\u043e\u0434\u043d\u0435 \u0441\u043a\u0443\u043f\u0448\u0442\u0438\u043d\u0435 \u0420\u0435\u043f\u0443\u0431\u043b\u0438\u043a\u0435 \u0421\u0440\u043f\u0441\u043a\u0435 \u0434\u0440 \u041d\u0435\u043d\u0430\u0434 \u0421\u0442\u0435\u0432\u0430\u043d\u0434\u0438\u045b, \u0437\u0430\u0458\u0435\u0434\u043d\u043e \u0441\u0430 \u043f\u0440\u0435\u0434\u0441\u0458\u0435\u0434\u043d\u0438\u043a\u043e\u043c \u041d\u0430\u0440\u043e\u0434\u043d\u0435 \u0441\u043a\u0443\u043f\u0448\u0442\u0438\u043d\u0435 \u0420\u0435\u043f\u0443\u0431\u043b\u0438\u043a\u0435 \u0421\u0440\u0431\u0438\u0458\u0435 \u0410\u043d\u043e\u043c \u0411\u0440\u043d\u0430\u0431\u0438\u045b, \u0443 \u0411\u0435\u043e\u0433\u0440\u0430\u0434\u0443 \u0458\u0435 ...<\/p>\n<div class=\"pt-cv-rmwrap\"><a href=\"https:\/\/dijasporars.com\/de\/otvoren-cetvrti-parlamentarni-forum-republika-srbija-republika-srpska\/\" class=\"_self pt-cv-readmore btn btn-success\" target=\"_self\">Mehr erfahren<\/a><\/div>\n<\/div>\n<\/div>\n<\/div>\n<div class=\"col-md-6 col-sm-6 col-xs-12 pt-cv-content-item pt-cv-1-col\" >\n<div class='pt-cv-ifield'><a href=\"https:\/\/dijasporars.com\/de\/pomocnik-ministra-na-medjunarodnoj-konferenciji-booking-health-in-srpska\/\" class=\"_self pt-cv-href-thumbnail pt-cv-thumb-default\" target=\"_self\" ><img loading=\"lazy\" decoding=\"async\" width=\"600\" height=\"600\" src=\"https:\/\/dijasporars.com\/wp-content\/uploads\/2026\/03\/\u0424\u043e\u0442\u043e-Booking-Health-in-Srpska-1.jpg\" class=\"pt-cv-thumbnail\" alt=\"\" \/><\/a><\/p>\n<h4 class=\"pt-cv-title\"><a href=\"https:\/\/dijasporars.com\/de\/pomocnik-ministra-na-medjunarodnoj-konferenciji-booking-health-in-srpska\/\" class=\"_self\" target=\"_self\" >\u041f\u043e\u043c\u043e\u045b\u043d\u0438\u043a \u043c\u0438\u043d\u0438\u0441\u0442\u0440\u0430 \u043d\u0430 \u043c\u0435\u0452\u0443\u043d\u0430\u0440\u043e\u0434\u043d\u043e\u0458 \u043a\u043e\u043d\u0444\u0435\u0440\u0435\u043d\u0446\u0438\u0458\u0438 \u201eBooking Health in Srpska\u201c<\/a><\/h4>\n<div class=\"pt-cv-content\">\u0411\u0430\u045a\u0430 \u041b\u0443\u043a\u0430 \u0458\u0435 \u0458\u0443\u0447\u0435 \u0431\u0438\u043b\u0430 \u0435\u0432\u0440\u043e\u043f\u0441\u043a\u0438 \u0446\u0435\u043d\u0442\u0430\u0440 \u0437\u0434\u0440\u0430\u0432\u0441\u0442\u0432\u0435\u043d\u043e\u0433 \u0442\u0443\u0440\u0438\u0437\u043c\u0430! \u0423 \u0411\u0430\u045a\u043e\u0458 \u041b\u0443\u0446\u0438 \u0458\u0435 \u0458\u0443\u0447\u0435 \u043e\u0442\u0432\u043e\u0440\u0435\u043d\u0430 \u043c\u0435\u0452\u0443\u043d\u0430\u0440\u043e\u0434\u043d\u0430 \u043a\u043e\u043d\u0444\u0435\u0440\u0435\u043d\u0446\u0438\u0458\u0430 \u201eBooking Health in ...<\/p>\n<div class=\"pt-cv-rmwrap\"><a href=\"https:\/\/dijasporars.com\/de\/pomocnik-ministra-na-medjunarodnoj-konferenciji-booking-health-in-srpska\/\" class=\"_self pt-cv-readmore btn btn-success\" target=\"_self\">Mehr erfahren<\/a><\/div>\n<\/div>\n<\/div>\n<\/div>\n<div class=\"col-md-6 col-sm-6 col-xs-12 pt-cv-content-item pt-cv-1-col\" >\n<div class='pt-cv-ifield'><a href=\"https:\/\/dijasporars.com\/de\/sastanak-sefa-predstavnistva-u-austriji-sa-predstavnicima-privredne-komore-republike-srpske\/\" class=\"_self pt-cv-href-thumbnail pt-cv-thumb-default\" target=\"_self\" ><img loading=\"lazy\" decoding=\"async\" width=\"667\" height=\"600\" src=\"https:\/\/dijasporars.com\/wp-content\/uploads\/2026\/03\/\u0424\u043e\u0442\u043e-\u041f\u0440\u0435\u0434\u0441\u0442\u0430\u0432\u043d\u0438\u0448\u0442\u0432\u043e-\u0420\u0435\u043f\u0443\u0431\u043b\u0438\u043a\u0435-\u0421\u0440\u043f\u0441\u043a\u0435-\u0443-\u0420\u0435\u043f\u0443\u0431\u043b\u0438\u0446\u0438-\u0410\u0443\u0441\u0442\u0440\u0438\u0458\u0438-\u041f\u0440\u0438\u0432\u0440\u0435\u0434\u043d\u0430-\u043a\u043e\u043c\u043e\u0440\u0430-\u0420\u0435\u043f\u0443\u0431\u043b\u0438\u043a\u0435-\u0421\u0440\u043f\u0441\u043a\u0435.jpg\" class=\"pt-cv-thumbnail\" alt=\"\" \/><\/a><\/p>\n<h4 class=\"pt-cv-title\"><a href=\"https:\/\/dijasporars.com\/de\/sastanak-sefa-predstavnistva-u-austriji-sa-predstavnicima-privredne-komore-republike-srpske\/\" class=\"_self\" target=\"_self\" >\u0421\u0430\u0441\u0442\u0430\u043d\u0430\u043a \u0448\u0435\u0444\u0430 \u041f\u0440\u0435\u0434\u0441\u0442\u0430\u0432\u043d\u0438\u0448\u0442\u0432\u0430 \u0443 \u0410\u0443\u0441\u0442\u0440\u0438\u0458\u0438 \u0441\u0430 \u043f\u0440\u0435\u0434\u0441\u0442\u0430\u0432\u043d\u0438\u0446\u0438\u043c\u0430 \u041f\u0440\u0438\u0432\u0440\u0435\u0434\u043d\u0435 \u043a\u043e\u043c\u043e\u0440\u0435 \u0420\u0435\u043f\u0443\u0431\u043b\u0438\u043a\u0435 \u0421\u0440\u043f\u0441\u043a\u0435<\/a><\/h4>\n<div class=\"pt-cv-content\">\u041f\u0440\u0435\u0434\u0441\u0442\u0430\u0432\u043d\u0438\u0446\u0438 \u041f\u0440\u0438\u0432\u0440\u0435\u0434\u043d\u0435 \u043a\u043e\u043c\u043e\u0440\u0435 \u0420\u0435\u043f\u0443\u0431\u043b\u0438\u043a\u0435 \u0421\u0440\u043f\u0441\u043a\u0435 \u043e\u0434\u0440\u0436\u0430\u043b\u0438 \u0441\u0443 \u0441\u0430\u0441\u0442\u0430\u043d\u0430\u043a \u0441\u0430 \u043f\u0440\u0435\u0434\u0441\u0442\u0430\u0432\u043d\u0438\u0446\u0438\u043c\u0430 \u041f\u0440\u0435\u0434\u0441\u0442\u0430\u0432\u043d\u0438\u0448\u0442\u0432\u0430 \u0420\u0435\u043f\u0443\u0431\u043b\u0438\u043a\u0435 \u0421\u0440\u043f\u0441\u043a\u0435 \u0443 \u0411\u0435\u0447\u0443, \u043d\u0430 \u043a\u043e\u0458\u0435\u043c \u0458\u0435 \u0440\u0430\u0437\u0433\u043e\u0432\u0430\u0440\u0430\u043d\u043e \u043e ...<\/p>\n<div class=\"pt-cv-rmwrap\"><a href=\"https:\/\/dijasporars.com\/de\/sastanak-sefa-predstavnistva-u-austriji-sa-predstavnicima-privredne-komore-republike-srpske\/\" class=\"_self pt-cv-readmore btn btn-success\" target=\"_self\">Mehr erfahren<\/a><\/div>\n<\/div>\n<\/div>\n<\/div>\n<div class=\"col-md-6 col-sm-6 col-xs-12 pt-cv-content-item pt-cv-1-col\" >\n<div class='pt-cv-ifield'><a href=\"https:\/\/dijasporars.com\/de\/ministar-klokic-sa-ristovicem-razgovarao-o-daljem-jacanju-saradnje-i-veza-sa-dijasporom\/\" class=\"_self pt-cv-href-thumbnail pt-cv-thumb-default\" target=\"_self\" ><img loading=\"lazy\" decoding=\"async\" width=\"900\" height=\"600\" src=\"https:\/\/dijasporars.com\/wp-content\/uploads\/2026\/03\/\u0424\u043e\u0442\u043e-\u041c\u0438\u043d\u0438\u0441\u0442\u0430\u0440\u0441\u0442\u0432\u043e-\u0437\u0430-\u0435\u0432\u0440\u043e\u043f\u0441\u043a\u0435-\u0438\u043d\u0442\u0435\u0433\u0440\u0430\u0446\u0438\u0458\u0435-\u0438-\u043c\u0435\u0452\u0443\u043d\u0430\u0440\u043e\u0434\u043d\u0443-\u0441\u0430\u0440\u0430\u0434\u045a\u0443.jpg\" class=\"pt-cv-thumbnail\" alt=\"\" \/><\/a><\/p>\n<h4 class=\"pt-cv-title\"><a href=\"https:\/\/dijasporars.com\/de\/ministar-klokic-sa-ristovicem-razgovarao-o-daljem-jacanju-saradnje-i-veza-sa-dijasporom\/\" class=\"_self\" target=\"_self\" >\u041c\u0438\u043d\u0438\u0441\u0442\u0430\u0440 \u041a\u043b\u043e\u043a\u0438\u045b \u0441\u0430 \u0420\u0438\u0441\u0442\u043e\u0432\u0438\u045b\u0435\u043c \u0440\u0430\u0437\u0433\u043e\u0432\u0430\u0440\u0430\u043e \u043e \u0434\u0430\u0459\u0435\u043c \u0458\u0430\u0447\u0430\u045a\u0443 \u0441\u0430\u0440\u0430\u0434\u045a\u0435 \u0438 \u0432\u0435\u0437\u0430 \u0441\u0430 \u0434\u0438\u0458\u0430\u0441\u043f\u043e\u0440\u043e\u043c<\/a><\/h4>\n<div class=\"pt-cv-content\">\u041c\u0438\u043d\u0438\u0441\u0442\u0430\u0440 \u0437\u0430 \u0435\u0432\u0440\u043e\u043f\u0441\u043a\u0435 \u0438\u043d\u0442\u0435\u0433\u0440\u0430\u0446\u0438\u0458\u0435 \u0438 \u043c\u0435\u0452\u0443\u043d\u0430\u0440\u043e\u0434\u043d\u0443 \u0441\u0430\u0440\u0430\u0434\u045a\u0443 \u0417\u043b\u0430\u0442\u0430\u043d \u041a\u043b\u043e\u043a\u0438\u045b \u0441\u0430\u0441\u0442\u0430\u043e \u0441\u0435 \u0441\u0430 \u043f\u0440\u0435\u0434\u0441\u0458\u0435\u0434\u043d\u0438\u043a\u043e\u043c \u0421\u0430\u0432\u0435\u0437\u0430 \u0421\u0440\u0431\u0430 \u0438\u0437 \u0421\u043b\u043e\u0432\u0435\u043d\u0438\u0458\u0435 \u0417\u043e\u0440\u0430\u043d\u043e\u043c \u0420\u0438\u0441\u0442\u043e\u0432\u0438\u045b\u0435\u043c \u0441\u0430 ...<\/p>\n<div class=\"pt-cv-rmwrap\"><a href=\"https:\/\/dijasporars.com\/de\/ministar-klokic-sa-ristovicem-razgovarao-o-daljem-jacanju-saradnje-i-veza-sa-dijasporom\/\" class=\"_self pt-cv-readmore btn btn-success\" target=\"_self\">Mehr erfahren<\/a><\/div>\n<\/div>\n<\/div>\n<\/div>\n<div class=\"col-md-6 col-sm-6 col-xs-12 pt-cv-content-item pt-cv-1-col\" >\n<div class='pt-cv-ifield'><a href=\"https:\/\/dijasporars.com\/de\/kokanovic-urucio-donaciju-knjiga-nastavnicama-srpske-dopunske-skole-u-ljubljani\/\" class=\"_self pt-cv-href-thumbnail pt-cv-thumb-default\" target=\"_self\" ><img loading=\"lazy\" decoding=\"async\" width=\"520\" height=\"245\" src=\"https:\/\/dijasporars.com\/wp-content\/uploads\/2026\/03\/\u0424\u043e\u0442\u043e-\u0423\u043f\u0440\u0430\u0432\u0430-\u0437\u0430-\u0441\u0430\u0440\u0430\u0434\u045a\u0443-\u0441-\u0434\u0438\u0458\u0430\u0441\u043f\u043e\u0440\u043e\u043c-\u0438-\u0421\u0440\u0431\u0438\u043c\u0430-\u0443-\u0440\u0435\u0433\u0438\u043e\u043d\u0443.jpg\" class=\"pt-cv-thumbnail\" alt=\"\" \/><\/a><\/p>\n<h4 class=\"pt-cv-title\"><a href=\"https:\/\/dijasporars.com\/de\/kokanovic-urucio-donaciju-knjiga-nastavnicama-srpske-dopunske-skole-u-ljubljani\/\" class=\"_self\" target=\"_self\" >\u041a\u043e\u043a\u0430\u043d\u043e\u0432\u0438\u045b \u0443\u0440\u0443\u0447\u0438\u043e \u0434\u043e\u043d\u0430\u0446\u0438\u0458\u0443 \u043a\u045a\u0438\u0433\u0430 \u043d\u0430\u0441\u0442\u0430\u0432\u043d\u0438\u0446\u0430\u043c\u0430 \u0421\u0440\u043f\u0441\u043a\u0435 \u0434\u043e\u043f\u0443\u043d\u0441\u043a\u0435 \u0448\u043a\u043e\u043b\u0435 \u0443 \u0409\u0443\u0431\u0459\u0430\u043d\u0438<\/a><\/h4>\n<div class=\"pt-cv-content\">\u0423 \u043f\u0440\u043e\u0441\u0442\u043e\u0440\u0438\u0458\u0430\u043c\u0430 \u0410\u043c\u0431\u0430\u0441\u0430\u0434\u0430\u0435 \u0420\u0435\u043f\u0443\u0431\u043b\u0438\u043a\u0435 \u0421\u0440\u0431\u0438\u0458\u0435 \u0443 \u0421\u043b\u043e\u0432\u0435\u043d\u0438\u0458\u0438 \u0443 \u0409\u0443\u0431\u0459\u0430\u043d\u0438, \u0434\u0438\u0440\u0435\u043a\u0442\u043e\u0440 \u0423\u043f\u0440\u0430\u0432\u0435 \u0437\u0430 \u0441\u0430\u0440\u0430\u0434\u045a\u0443 \u0441 \u0434\u0438\u0458\u0430\u0441\u043f\u043e\u0440\u043e\u043c \u0438 \u0421\u0440\u0431\u0438\u043c\u0430 \u0443 \u0440\u0435\u0433\u0438\u043e\u043d\u0443, \u0412\u043b\u0430\u0434\u0438\u043c\u0438\u0440 ...<\/p>\n<div class=\"pt-cv-rmwrap\"><a href=\"https:\/\/dijasporars.com\/de\/kokanovic-urucio-donaciju-knjiga-nastavnicama-srpske-dopunske-skole-u-ljubljani\/\" class=\"_self pt-cv-readmore btn btn-success\" target=\"_self\">Mehr erfahren<\/a><\/div>\n<\/div>\n<\/div>\n<\/div>\n<div class=\"col-md-6 col-sm-6 col-xs-12 pt-cv-content-item pt-cv-1-col\" >\n<div class='pt-cv-ifield'><a href=\"https:\/\/dijasporars.com\/de\/unapredjenje-saradnje-izmedju-privrednika-iz-republike-srpske-i-srpske-poslovne-dijaspore\/\" class=\"_self pt-cv-href-thumbnail pt-cv-thumb-default\" target=\"_self\" ><img loading=\"lazy\" decoding=\"async\" width=\"900\" height=\"553\" src=\"https:\/\/dijasporars.com\/wp-content\/uploads\/2026\/03\/\u0424\u043e\u0442\u043e-\u041f\u0440\u0438\u0432\u0440\u0435\u0434\u043d\u0430-\u043a\u043e\u043c\u043e\u0440\u0430-\u0420\u0435\u043f\u0443\u0431\u043b\u0438\u043a\u0435-\u0421\u0440\u043f\u0441\u043a\u0435.jpg\" class=\"pt-cv-thumbnail\" alt=\"\" \/><\/a><\/p>\n<h4 class=\"pt-cv-title\"><a href=\"https:\/\/dijasporars.com\/de\/unapredjenje-saradnje-izmedju-privrednika-iz-republike-srpske-i-srpske-poslovne-dijaspore\/\" class=\"_self\" target=\"_self\" >\u0423\u043d\u0430\u043f\u0440\u0435\u0452\u0435\u045a\u0435 \u0441\u0430\u0440\u0430\u0434\u045a\u0435 \u0438\u0437\u043c\u0435\u0452\u0443 \u043f\u0440\u0438\u0432\u0440\u0435\u0434\u043d\u0438\u043a\u0430 \u0438\u0437 \u0420\u0435\u043f\u0443\u0431\u043b\u0438\u043a\u0435 \u0421\u0440\u043f\u0441\u043a\u0435 \u0438 \u0441\u0440\u043f\u0441\u043a\u0435 \u043f\u043e\u0441\u043b\u043e\u0432\u043d\u0435 \u0434\u0438\u0458\u0430\u0441\u043f\u043e\u0440\u0435<\/a><\/h4>\n<div class=\"pt-cv-content\">\u041f\u0440\u0435\u0434\u0441\u0458\u0435\u0434\u043d\u0438\u043a \u041f\u0440\u0438\u0432\u0440\u0435\u0434\u043d\u0435 \u043a\u043e\u043c\u043e\u0440\u0435 \u0420\u0435\u043f\u0443\u0431\u043b\u0438\u043a\u0435 \u0421\u0440\u043f\u0441\u043a\u0435, \u0413\u043e\u0440\u0430\u043d \u0420\u0430\u0447\u0438\u045b, \u0458\u0443\u0447\u0435 \u0458\u0435 \u043e\u0434\u0440\u0436\u0430\u043e \u0441\u0430\u0441\u0442\u0430\u043d\u0430\u043a \u0441\u0430 \u0434\u0435\u043b\u0435\u0433\u0430\u0446\u0438\u0458\u043e\u043c \u0423\u0434\u0440\u0443\u0436\u0435\u045a\u0430 \u0441\u0440\u043f\u0441\u043a\u0438\u0445 \u043f\u0440\u0438\u0432\u0440\u0435\u0434\u043d\u0438\u043a\u0430 \u0443 \u0410\u0443\u0441\u0442\u0440\u0438\u0458\u0438 \u0442\u0435 \u0440\u0435\u0430\u0437\u0433\u043e\u0432\u0430\u0440\u0430\u043e ...<\/p>\n<div class=\"pt-cv-rmwrap\"><a href=\"https:\/\/dijasporars.com\/de\/unapredjenje-saradnje-izmedju-privrednika-iz-republike-srpske-i-srpske-poslovne-dijaspore\/\" class=\"_self pt-cv-readmore btn btn-success\" target=\"_self\">Mehr erfahren<\/a><\/div>\n<\/div>\n<\/div>\n<\/div>\n<div class=\"col-md-6 col-sm-6 col-xs-12 pt-cv-content-item pt-cv-1-col\" >\n<div class='pt-cv-ifield'><a href=\"https:\/\/dijasporars.com\/de\/lokalne-vlasti-prva-adresa-za-one-koji-zele-da-se-vrate-u-srbiju\/\" class=\"_self pt-cv-href-thumbnail pt-cv-thumb-default\" target=\"_self\" ><img loading=\"lazy\" decoding=\"async\" width=\"900\" height=\"592\" src=\"https:\/\/dijasporars.com\/wp-content\/uploads\/2026\/03\/\u0424\u043e\u0442\u043e-\u0414\u0435\u043d\u0438\u0441-\u0416\u0438\u0432\u043a\u043e\u0432\u0438\u045b.jpg\" class=\"pt-cv-thumbnail\" alt=\"\" \/><\/a><\/p>\n<h4 class=\"pt-cv-title\"><a href=\"https:\/\/dijasporars.com\/de\/lokalne-vlasti-prva-adresa-za-one-koji-zele-da-se-vrate-u-srbiju\/\" class=\"_self\" target=\"_self\" >\u041b\u043e\u043a\u0430\u043b\u043d\u0435 \u0432\u043b\u0430\u0441\u0442\u0438 \u043f\u0440\u0432\u0430 \u0430\u0434\u0440\u0435\u0441\u0430 \u0437\u0430 \u043e\u043d\u0435 \u043a\u043e\u0458\u0438 \u0436\u0435\u043b\u0435 \u0434\u0430 \u0441\u0435 \u0432\u0440\u0430\u0442\u0435 \u0443 \u0421\u0440\u0431\u0438\u0458\u0443<\/a><\/h4>\n<div class=\"pt-cv-content\">Der Minister ohne Gesch\u00e4ftsbereich in der Regierung der Republik Serbien, zust\u00e4ndig f\u00fcr die Beobachtung der Lage, die Vorschlagserarbeitung von Ma\u00dfnahmen sowie die Koordinierung von Aktivit\u00e4ten im Bereich ...<\/p>\n<div class=\"pt-cv-rmwrap\"><a href=\"https:\/\/dijasporars.com\/de\/lokalne-vlasti-prva-adresa-za-one-koji-zele-da-se-vrate-u-srbiju\/\" class=\"_self pt-cv-readmore btn btn-success\" target=\"_self\">Mehr erfahren<\/a><\/div>\n<\/div>\n<\/div>\n<\/div>\n<div class=\"col-md-6 col-sm-6 col-xs-12 pt-cv-content-item pt-cv-1-col\" >\n<div class='pt-cv-ifield'><a href=\"https:\/\/dijasporars.com\/de\/druga-medjunarodna-konferencija-zdravstvenog-turizma-booking-health-in-srpska\/\" class=\"_self pt-cv-href-thumbnail pt-cv-thumb-default\" target=\"_self\" ><img loading=\"lazy\" decoding=\"async\" width=\"900\" height=\"600\" src=\"https:\/\/dijasporars.com\/wp-content\/uploads\/2026\/03\/\u0424\u043e\u0442\u043e-Booking-Health-in-Srpska.jpg\" class=\"pt-cv-thumbnail\" alt=\"\" \/><\/a><\/p>\n<h4 class=\"pt-cv-title\"><a href=\"https:\/\/dijasporars.com\/de\/druga-medjunarodna-konferencija-zdravstvenog-turizma-booking-health-in-srpska\/\" class=\"_self\" target=\"_self\" >\u0414\u0440\u0443\u0433\u0430 \u043c\u0435\u0452\u0443\u043d\u0430\u0440\u043e\u0434\u043d\u0430 \u043a\u043e\u043d\u0444\u0435\u0440\u0435\u043d\u0446\u0438\u0458\u0430 \u0437\u0434\u0440\u0430\u0432\u0441\u0442\u0432\u0435\u043d\u043e\u0433 \u0442\u0443\u0440\u0438\u0437\u043c\u0430 Booking health in Srpska<\/a><\/h4>\n<div class=\"pt-cv-content\">\u0414\u0440\u0443\u0433\u0430 \u043c\u0435\u0452\u0443\u043d\u0430\u0440\u043e\u0434\u043d\u0430 \u043a\u043e\u043d\u0444\u0435\u0440\u0435\u043d\u0446\u0438\u0458\u0430 \u0437\u0434\u0440\u0430\u0432\u0441\u0442\u0432\u0435\u043d\u043e\u0433 \u0442\u0443\u0440\u0438\u0437\u043c\u0430 Booking health in Srpska \u043a\u043e\u0458\u0430 \u045b\u0435 \u0431\u0438\u0442\u0438 \u043e\u0434\u0440\u0436\u0430\u043d\u0430 24. \u0438 25. \u043c\u0430\u0440\u0442\u0430 2025. \u0433\u043e\u0434\u0438\u043d\u0435 \u0443 ...<\/p>\n<div class=\"pt-cv-rmwrap\"><a href=\"https:\/\/dijasporars.com\/de\/druga-medjunarodna-konferencija-zdravstvenog-turizma-booking-health-in-srpska\/\" class=\"_self pt-cv-readmore btn btn-success\" target=\"_self\">Mehr erfahren<\/a><\/div>\n<\/div>\n<\/div>\n<\/div>\n<div class=\"col-md-6 col-sm-6 col-xs-12 pt-cv-content-item pt-cv-1-col\" >\n<div class='pt-cv-ifield'><a href=\"https:\/\/dijasporars.com\/de\/intenzivirati-obuku-kadra-koji-bi-se-bavio-pristupom-medjunarodnim-projektima\/\" class=\"_self pt-cv-href-thumbnail pt-cv-thumb-default\" target=\"_self\" ><img loading=\"lazy\" decoding=\"async\" width=\"750\" height=\"420\" src=\"https:\/\/dijasporars.com\/wp-content\/uploads\/2026\/03\/\u0424\u043e\u0442\u043e-\u0412\u043b\u0430\u0434\u0430-\u0420\u0435\u043f\u0443\u0431\u043b\u0438\u043a\u0435-\u0421\u0440\u043f\u0441\u043a\u0435.jpg\" class=\"pt-cv-thumbnail\" alt=\"\" \/><\/a><\/p>\n<h4 class=\"pt-cv-title\"><a href=\"https:\/\/dijasporars.com\/de\/intenzivirati-obuku-kadra-koji-bi-se-bavio-pristupom-medjunarodnim-projektima\/\" class=\"_self\" target=\"_self\" >\u0418\u043d\u0442\u0435\u043d\u0437\u0438\u0432\u0438\u0440\u0430\u0442\u0438 \u043e\u0431\u0443\u043a\u0443 \u043a\u0430\u0434\u0440\u0430 \u043a\u043e\u0458\u0438 \u0431\u0438 \u0441\u0435 \u0431\u0430\u0432\u0438\u043e \u043f\u0440\u0438\u0441\u0442\u0443\u043f\u043e\u043c \u043c\u0435\u0452\u0443\u043d\u0430\u0440\u043e\u0434\u043d\u0438\u043c \u043f\u0440\u043e\u0458\u0435\u043a\u0442\u0438\u043c\u0430<\/a><\/h4>\n<div class=\"pt-cv-content\">\u0418\u043d\u0442\u0435\u043d\u0437\u0438\u0432\u0438\u0440\u0430\u0442\u0438 \u043e\u0431\u0443\u043a\u0443 \u043a\u0430\u0434\u0440\u0430 \u043a\u043e\u0458\u0438 \u0431\u0438 \u0441\u0435 \u0431\u0430\u0432\u0438\u043e \u043f\u0440\u0438\u0441\u0442\u0443\u043f\u043e\u043c \u043c\u0435\u0452\u0443\u043d\u0430\u0440\u043e\u0434\u043d\u0438\u043c \u043f\u0440\u043e\u0458\u0435\u043a\u0442\u0438\u043c\u0430, \u0430 \u0443\u0458\u0435\u0434\u043d\u043e \u0438 \u043f\u0440\u0438\u0441\u0442\u0443\u043f\u0438\u0442\u0438 \u0424\u043e\u043d\u0434\u0443 \u041c\u0438\u043d\u0438\u0441\u0442\u0430\u0440\u0441\u0442\u0432\u0430 \u0437\u0430 \u0435\u0432\u0440\u043e\u043f\u0441\u043a\u0435 \u0438\u043d\u0442\u0435\u0433\u0440\u0430\u0446\u0438\u0458\u0435 \u0438 ...<\/p>\n<div class=\"pt-cv-rmwrap\"><a href=\"https:\/\/dijasporars.com\/de\/intenzivirati-obuku-kadra-koji-bi-se-bavio-pristupom-medjunarodnim-projektima\/\" class=\"_self pt-cv-readmore btn btn-success\" target=\"_self\">Mehr erfahren<\/a><\/div>\n<\/div>\n<\/div>\n<\/div>\n<div class=\"col-md-6 col-sm-6 col-xs-12 pt-cv-content-item pt-cv-1-col\" >\n<div class='pt-cv-ifield'><a href=\"https:\/\/dijasporars.com\/de\/predstavljen-projekat-fit4austria\/\" class=\"_self pt-cv-href-thumbnail pt-cv-thumb-default\" target=\"_self\" ><img loading=\"lazy\" decoding=\"async\" width=\"900\" height=\"506\" src=\"https:\/\/dijasporars.com\/wp-content\/uploads\/2026\/03\/\u0424\u043e\u0442\u043e-\u041f\u0440\u0435\u0434\u0441\u0442\u0430\u0432\u043d\u0438\u0448\u0442\u0432\u043e-\u0420\u0435\u043f\u0443\u0431\u043b\u0438\u043a\u0435-\u0421\u0440\u043f\u0441\u043a\u0435-\u0443-\u0420\u0435\u043f\u0443\u0431\u043b\u0438\u0446\u0438-\u0410\u0443\u0441\u0442\u0440\u0438\u0458\u0438.jpg\" class=\"pt-cv-thumbnail\" alt=\"\" \/><\/a><\/p>\n<h4 class=\"pt-cv-title\"><a href=\"https:\/\/dijasporars.com\/de\/predstavljen-projekat-fit4austria\/\" class=\"_self\" target=\"_self\" >\u041f\u0440\u0435\u0434\u0441\u0442\u0430\u0432\u0459\u0435\u043d \u043f\u0440\u043e\u0458\u0435\u043a\u0430\u0442 Fit4Austria<\/a><\/h4>\n<div class=\"pt-cv-content\">\u0423 \u043e\u043a\u0432\u0438\u0440\u0443 \u043c\u0435\u0452\u0443\u043d\u0430\u0440\u043e\u0434\u043d\u0435 \u043a\u043e\u043d\u0444\u0435\u0440\u0435\u043d\u0446\u0438\u0458\u0435 \u0437\u0430\u043d\u0430\u0442\u0441\u0442\u0432\u0430 \u0438 \u043f\u0440\u0435\u0434\u0443\u0437\u0435\u0442\u043d\u0438\u0448\u0442\u0432\u0430, \u043a\u043e\u0458\u0430 \u0458\u0435 \u043e\u043a\u0443\u043f\u0438\u043b\u0430 \u0432\u0438\u0448\u0435 \u043e\u0434 300 \u043f\u0440\u0435\u0434\u0443\u0437\u0435\u0442\u043d\u0438\u043a\u0430 \u0438\u0437 \u0421\u0440\u043f\u0441\u043a\u0435, \u0440\u0435\u0433\u0438\u043e\u043d\u0430 \u0438 \u0437\u0435\u043c\u0430\u0459\u0430 \u0415\u0432\u0440\u043e\u043f\u0441\u043a\u0435 ...<\/p>\n<div class=\"pt-cv-rmwrap\"><a href=\"https:\/\/dijasporars.com\/de\/predstavljen-projekat-fit4austria\/\" class=\"_self pt-cv-readmore btn btn-success\" target=\"_self\">Mehr erfahren<\/a><\/div>\n<\/div>\n<\/div>\n<\/div>\n<div class=\"col-md-6 col-sm-6 col-xs-12 pt-cv-content-item pt-cv-1-col\" >\n<div class='pt-cv-ifield'><a href=\"https:\/\/dijasporars.com\/de\/ministar-klokic-dan-donosenja-ustava-jedan-od-najznacajnijih-u-istoriji-srpske\/\" class=\"_self pt-cv-href-thumbnail pt-cv-thumb-default\" target=\"_self\" ><img loading=\"lazy\" decoding=\"async\" width=\"900\" height=\"600\" src=\"https:\/\/dijasporars.com\/wp-content\/uploads\/2026\/03\/\u0424\u043e\u0442\u043e-\u0410\u043d\u0452\u0435\u043b\u043a\u043e-\u0412\u0430\u0441\u0438\u0459\u0435\u0432\u0438\u045b-\u041f\u043e\u043b\u0438\u0442\u0438\u043a\u0430.jpg\" class=\"pt-cv-thumbnail\" alt=\"\" \/><\/a><\/p>\n<h4 class=\"pt-cv-title\"><a href=\"https:\/\/dijasporars.com\/de\/ministar-klokic-dan-donosenja-ustava-jedan-od-najznacajnijih-u-istoriji-srpske\/\" class=\"_self\" target=\"_self\" >\u041c\u0438\u043d\u0438\u0441\u0442\u0430\u0440 \u041a\u043b\u043e\u043a\u0438\u045b: \u0414\u0430\u043d \u0434\u043e\u043d\u043e\u0448\u0435\u045a\u0430 \u0423\u0441\u0442\u0430\u0432\u0430 \u0458\u0435\u0434\u0430\u043d \u043e\u0434 \u043d\u0430\u0458\u0437\u043d\u0430\u0447\u0430\u0458\u043d\u0438\u0458\u0438\u0445 \u0443 \u0438\u0441\u0442\u043e\u0440\u0438\u0458\u0438 \u0421\u0440\u043f\u0441\u043a\u0435<\/a><\/h4>\n<div class=\"pt-cv-content\">\u0423 \u041c\u0438\u043d\u0438\u0441\u0442\u0430\u0440\u0441\u0442\u0432\u0443 \u0441\u043f\u043e\u0459\u043d\u0438\u0445 \u043f\u043e\u0441\u043b\u043e\u0432\u0430 \u0420\u0435\u043f\u0443\u0431\u043b\u0438\u043a\u0435 \u0421\u0440\u0431\u0438\u0458\u0435 \u0458\u0435 \u043e\u0434\u0440\u0436\u0430\u043d \u0441\u0430\u0441\u0442\u0430\u043d\u0430\u043a \u0438\u0437\u043c\u0435\u0452\u0443 \u0414\u0443\u0448\u0430\u043d\u0430 \u041a\u043e\u0437\u0430\u0440\u0435\u0432\u0430, \u0433\u0435\u043d\u0435\u0440\u0430\u043b\u043d\u043e\u0433 \u0441\u0435\u043a\u0440\u0435\u0442\u0430\u0440\u0430 \u041c\u0438\u043d\u0438\u0441\u0442\u0430\u0440\u0441\u0442\u0432\u0430 \u0441\u043f\u043e\u0459\u043d\u0438\u0445 \u043f\u043e\u0441\u043b\u043e\u0432\u0430, \u0417\u043b\u0430\u0442\u0430\u043d\u0430 \u041a\u043b\u043e\u043a\u0438\u045b\u0430, \u043c\u0438\u043d\u0438\u0441\u0442\u0440\u0430 ...<\/p>\n<div class=\"pt-cv-rmwrap\"><a href=\"https:\/\/dijasporars.com\/de\/ministar-klokic-dan-donosenja-ustava-jedan-od-najznacajnijih-u-istoriji-srpske\/\" class=\"_self pt-cv-readmore btn btn-success\" target=\"_self\">Mehr erfahren<\/a><\/div>\n<\/div>\n<\/div>\n<\/div>\n<div class=\"col-md-6 col-sm-6 col-xs-12 pt-cv-content-item pt-cv-1-col\" >\n<div class='pt-cv-ifield'><a href=\"https:\/\/dijasporars.com\/de\/raspisani-su-konkursi-za-sufinansiranje-projekata-dijaspore-i-srba-u-regionu\/\" class=\"_self pt-cv-href-thumbnail pt-cv-thumb-default\" target=\"_self\" ><img loading=\"lazy\" decoding=\"async\" width=\"900\" height=\"525\" src=\"https:\/\/dijasporars.com\/wp-content\/uploads\/2026\/02\/\u0424\u043e\u0442\u043e-\u0423\u043f\u0440\u0430\u0432\u0430-\u0437\u0430-\u0441\u0430\u0440\u0430\u0434\u045a\u0443-\u0441-\u0434\u0438\u0458\u0430\u0441\u043f\u043e\u0440\u043e\u043c-\u0438-\u0421\u0440\u0431\u0438\u043c\u0430-\u0443-\u0440\u0435\u0433\u0438\u043e\u043d\u0443.jpg\" class=\"pt-cv-thumbnail\" alt=\"\" \/><\/a><\/p>\n<h4 class=\"pt-cv-title\"><a href=\"https:\/\/dijasporars.com\/de\/raspisani-su-konkursi-za-sufinansiranje-projekata-dijaspore-i-srba-u-regionu\/\" class=\"_self\" target=\"_self\" >\u0420\u0430\u0441\u043f\u0438\u0441\u0430\u043d\u0438 \u0441\u0443 \u043a\u043e\u043d\u043a\u0443\u0440\u0441\u0438 \u0437\u0430 \u0441\u0443\u0444\u0438\u043d\u0430\u043d\u0441\u0438\u0440\u0430\u045a\u0435 \u043f\u0440\u043e\u0458\u0435\u043a\u0430\u0442\u0430 \u0434\u0438\u0458\u0430\u0441\u043f\u043e\u0440\u0435 \u0438 \u0421\u0440\u0431\u0430 \u0443 \u0440\u0435\u0433\u0438\u043e\u043d\u0443<\/a><\/h4>\n<div class=\"pt-cv-content\">\u0420\u0430\u0441\u043f\u0438\u0441\u0430\u043d\u0438 \u0441\u0443 \u043a\u043e\u043d\u043a\u0443\u0440\u0441\u0438 \u0437\u0430 \u0441\u0443\u0444\u0438\u043d\u0430\u043d\u0441\u0438\u0440\u0430\u045a\u0435 \u043f\u0440\u043e\u0458\u0435\u043a\u0430\u0442\u0430 \u0434\u0438\u0458\u0430\u0441\u043f\u043e\u0440\u0435 \u0438 \u0421\u0440\u0431\u0430 \u0443 \u0440\u0435\u0433\u0438\u043e\u043d\u0443 \u043a\u043e\u0458\u0435 \u0441\u043f\u0440\u043e\u0432\u043e\u0434\u0438 \u0423\u043f\u0440\u0430\u0432\u0430 \u0437\u0430 \u0441\u0430\u0440\u0430\u0434\u045a\u0443 \u0441 \u0434\u0438\u0458\u0430\u0441\u043f\u043e\u0440\u043e\u043c \u0438 \u0421\u0440\u0431\u0438\u043c\u0430 ...<\/p>\n<div class=\"pt-cv-rmwrap\"><a href=\"https:\/\/dijasporars.com\/de\/raspisani-su-konkursi-za-sufinansiranje-projekata-dijaspore-i-srba-u-regionu\/\" class=\"_self pt-cv-readmore btn btn-success\" target=\"_self\">Mehr erfahren<\/a><\/div>\n<\/div>\n<\/div>\n<\/div>\n<div class=\"col-md-6 col-sm-6 col-xs-12 pt-cv-content-item pt-cv-1-col\" >\n<div class='pt-cv-ifield'><a href=\"https:\/\/dijasporars.com\/de\/uspjesni-nastupi-republike-srpske-na-sajmovima-turizma-u-beogradu-i-budimpesti\/\" class=\"_self pt-cv-href-thumbnail pt-cv-thumb-default\" target=\"_self\" ><img loading=\"lazy\" decoding=\"async\" width=\"843\" height=\"600\" src=\"https:\/\/dijasporars.com\/wp-content\/uploads\/2026\/02\/\u0424\u043e\u0442\u043e-\u041f\u0440\u0435\u0434\u0441\u0442\u0430\u0432\u043d\u0438\u0448\u0442\u0432\u043e-\u0420\u0435\u043f\u0443\u0431\u043b\u0438\u043a\u0435-\u0421\u0440\u043f\u0441\u043a\u0435-\u0443-\u0421\u0440\u0431\u0438\u0458\u0438.jpg\" class=\"pt-cv-thumbnail\" alt=\"\" \/><\/a><\/p>\n<h4 class=\"pt-cv-title\"><a href=\"https:\/\/dijasporars.com\/de\/uspjesni-nastupi-republike-srpske-na-sajmovima-turizma-u-beogradu-i-budimpesti\/\" class=\"_self\" target=\"_self\" >\u0423\u0441\u043f\u0458\u0435\u0448\u043d\u0438 \u043d\u0430\u0441\u0442\u0443\u043f\u0438 \u0420\u0435\u043f\u0443\u0431\u043b\u0438\u043a\u0435 \u0421\u0440\u043f\u0441\u043a\u0435 \u043d\u0430 \u0441\u0430\u0458\u043c\u043e\u0432\u0438\u043c\u0430 \u0442\u0443\u0440\u0438\u0437\u043c\u0430 \u0443 \u0411\u0435\u043e\u0433\u0440\u0430\u0434\u0443 \u0438 \u0411\u0443\u0434\u0438\u043c\u043f\u0435\u0448\u0442\u0438<\/a><\/h4>\n<div class=\"pt-cv-content\">\u0420\u0435\u043f\u0443\u0431\u043b\u0438\u043a\u0430 \u0421\u0440\u043f\u0441\u043a\u0430 \u0441\u0435 \u043d\u0430 47. \u041c\u0435\u0452\u0443\u043d\u0430\u0440\u043e\u0434\u043d\u043e\u043c \u0441\u0430\u0458\u0430\u043c\u0443 \u0442\u0443\u0440\u0438\u0437\u043c\u0430 \u0443 \u0411\u0435\u043e\u0433\u0440\u0430\u0434\u0443 \u043f\u0440\u0435\u0434\u0441\u0442\u0430\u0432\u0438\u043b\u0430 \u043d\u0430 \u0440\u0435\u043f\u0440\u0435\u0437\u0435\u043d\u0442\u0430\u0442\u0438\u0432\u0430\u043d \u0438 \u0441\u0430\u0434\u0440\u0436\u0430\u0458\u0430\u043d \u043d\u0430\u0447\u0438\u043d, \u043a\u0440\u043e\u0437 \u0437\u0430\u0458\u0435\u0434\u043d\u0438\u0447\u043a\u0438 \u043d\u0430\u0441\u0442\u0443\u043f \u0422\u0443\u0440\u0438\u0441\u0442\u0438\u0447\u043a\u0435 ...<\/p>\n<div class=\"pt-cv-rmwrap\"><a href=\"https:\/\/dijasporars.com\/de\/uspjesni-nastupi-republike-srpske-na-sajmovima-turizma-u-beogradu-i-budimpesti\/\" class=\"_self pt-cv-readmore btn btn-success\" target=\"_self\">Mehr erfahren<\/a><\/div>\n<\/div>\n<\/div>\n<\/div>\n<div class=\"col-md-6 col-sm-6 col-xs-12 pt-cv-content-item pt-cv-1-col\" >\n<div class='pt-cv-ifield'><a href=\"https:\/\/dijasporars.com\/de\/srce-pise-cirilicom-znacaj-maternjeg-jezika\/\" class=\"_self pt-cv-href-thumbnail pt-cv-thumb-default\" target=\"_self\" ><img loading=\"lazy\" decoding=\"async\" width=\"658\" height=\"494\" src=\"https:\/\/dijasporars.com\/wp-content\/uploads\/2022\/05\/\u0412\u0443\u043a\u043e\u0432\u0430\u0440-\u0444\u043e\u0442\u043e-\u0420\u0422\u0420\u0421.jpg\" class=\"pt-cv-thumbnail\" alt=\"\" srcset=\"https:\/\/dijasporars.com\/wp-content\/uploads\/2022\/05\/\u0412\u0443\u043a\u043e\u0432\u0430\u0440-\u0444\u043e\u0442\u043e-\u0420\u0422\u0420\u0421.jpg 658w, https:\/\/dijasporars.com\/wp-content\/uploads\/2022\/05\/\u0412\u0443\u043a\u043e\u0432\u0430\u0440-\u0444\u043e\u0442\u043e-\u0420\u0422\u0420\u0421-300x225.jpg 300w, https:\/\/dijasporars.com\/wp-content\/uploads\/2022\/05\/\u0412\u0443\u043a\u043e\u0432\u0430\u0440-\u0444\u043e\u0442\u043e-\u0420\u0422\u0420\u0421-16x12.jpg 16w, https:\/\/dijasporars.com\/wp-content\/uploads\/2022\/05\/\u0412\u0443\u043a\u043e\u0432\u0430\u0440-\u0444\u043e\u0442\u043e-\u0420\u0422\u0420\u0421-600x450.jpg 600w\" sizes=\"auto, (max-width: 658px) 100vw, 658px\" \/><\/a><\/p>\n<h4 class=\"pt-cv-title\"><a href=\"https:\/\/dijasporars.com\/de\/srce-pise-cirilicom-znacaj-maternjeg-jezika\/\" class=\"_self\" target=\"_self\" >\u201e\u0421\u0440\u0446\u0435 \u043f\u0438\u0448\u0435 \u045b\u0438\u0440\u0438\u043b\u0438\u0446\u043e\u043c\u201c &#8211; \u0437\u043d\u0430\u0447\u0430\u0458 \u043c\u0430\u0442\u0435\u0440\u045a\u0435\u0433 \u0458\u0435\u0437\u0438\u043a\u0430<\/a><\/h4>\n<div class=\"pt-cv-content\">\u0423 \u0441\u0432\u0438\u0458\u0435\u0442\u0443 \u0441\u0435 \u043e\u0431\u0438\u0459\u0435\u0436\u0430\u0432\u0430 \u041c\u0435\u0452\u0443\u043d\u0430\u0440\u043e\u0434\u043d\u0438 \u0434\u0430\u043d \u043c\u0430\u0442\u0435\u0440\u045a\u0435\u0433 \u0458\u0435\u0437\u0438\u043a\u0430, \u043a\u043e\u0458\u0438 \u0458\u0435 \u043f\u0440\u0438\u0458\u0435 27 \u0433\u043e\u0434\u0438\u043d\u0430 \u043f\u0440\u043e\u0433\u043b\u0430\u0441\u0438\u043b\u0430 \u0413\u0435\u043d\u0435\u0440\u0430\u043b\u043d\u0430 \u0441\u043a\u0443\u043f\u0448\u0442\u0438\u043d\u0430 \u0423\u043d\u0435\u0441\u043a\u0430. \u0418 \u043e\u0432\u0430\u0458 \u0434\u0430\u0442\u0443\u043c ...<\/p>\n<div class=\"pt-cv-rmwrap\"><a href=\"https:\/\/dijasporars.com\/de\/srce-pise-cirilicom-znacaj-maternjeg-jezika\/\" class=\"_self pt-cv-readmore btn btn-success\" target=\"_self\">Mehr erfahren<\/a><\/div>\n<\/div>\n<\/div>\n<\/div>\n<div class=\"col-md-6 col-sm-6 col-xs-12 pt-cv-content-item pt-cv-1-col\" >\n<div class='pt-cv-ifield'><a href=\"https:\/\/dijasporars.com\/de\/republika-srpska-na-47-medjunarodnom-sajmu-turizma-u-beogradu\/\" class=\"_self pt-cv-href-thumbnail pt-cv-thumb-default\" target=\"_self\" ><img loading=\"lazy\" decoding=\"async\" width=\"800\" height=\"600\" src=\"https:\/\/dijasporars.com\/wp-content\/uploads\/2026\/02\/\u0424\u043e\u0442\u043e-\u041f\u0440\u0435\u0434\u0441\u0442\u0430\u0432\u043d\u0438\u0448\u0442\u0432\u043e-\u0420\u0435\u043f\u0443\u0431\u043b\u0438\u043a\u0435-\u0421\u0440\u043f\u0441\u043b\u0435-\u0443-\u0421\u0440\u0431\u0438\u0458\u0438.jpg\" class=\"pt-cv-thumbnail\" alt=\"\" \/><\/a><\/p>\n<h4 class=\"pt-cv-title\"><a href=\"https:\/\/dijasporars.com\/de\/republika-srpska-na-47-medjunarodnom-sajmu-turizma-u-beogradu\/\" class=\"_self\" target=\"_self\" >\u0420\u0435\u043f\u0443\u0431\u043b\u0438\u043a\u0430 \u0421\u0440\u043f\u0441\u043a\u0430 \u043d\u0430 47. \u041c\u0435\u0452\u0443\u043d\u0430\u0440\u043e\u0434\u043d\u043e\u043c \u0441\u0430\u0458\u043c\u0443 \u0442\u0443\u0440\u0438\u0437\u043c\u0430 \u0443 \u0411\u0435\u043e\u0433\u0440\u0430\u0434\u0443<\/a><\/h4>\n<div class=\"pt-cv-content\">\u0420\u0435\u043f\u0443\u0431\u043b\u0438\u043a\u0430 \u0421\u0440\u043f\u0441\u043a\u0430 \u043f\u0440\u0435\u0434\u0441\u0442\u0430\u0432\u0438\u045b\u0435 \u0441\u0432\u043e\u0458\u0443 \u0441\u0432\u0435\u043e\u0431\u0443\u0445\u0432\u0430\u0442\u043d\u0443 \u0442\u0443\u0440\u0438\u0441\u0442\u0438\u0447\u043a\u0443 \u043f\u043e\u043d\u0443\u0434\u0443 \u043d\u0430 47. \u041c\u0435\u0452\u0443\u043d\u0430\u0440\u043e\u0434\u043d\u043e\u043c \u0441\u0430\u0458\u043c\u0443 \u0442\u0443\u0440\u0438\u0437\u043c\u0430 \u0443 \u0411\u0435\u043e\u0433\u0440\u0430\u0434\u0443, \u043a\u043e\u0458\u0438 \u0441\u0435 \u043e\u0434\u0440\u0436\u0430\u0432\u0430 \u043e\u0434 19. \u0434\u043e ...<\/p>\n<div class=\"pt-cv-rmwrap\"><a href=\"https:\/\/dijasporars.com\/de\/republika-srpska-na-47-medjunarodnom-sajmu-turizma-u-beogradu\/\" class=\"_self pt-cv-readmore btn btn-success\" target=\"_self\">Mehr erfahren<\/a><\/div>\n<\/div>\n<\/div>\n<\/div>\n<div class=\"col-md-6 col-sm-6 col-xs-12 pt-cv-content-item pt-cv-1-col\" >\n<div class='pt-cv-ifield'><a href=\"https:\/\/dijasporars.com\/de\/vlada-republike-srpske-usvojila-strategiju-saradnje-sa-dijasporom-za-period-2026-2032-godina\/\" class=\"_self pt-cv-href-thumbnail pt-cv-thumb-default\" target=\"_self\" ><img loading=\"lazy\" decoding=\"async\" width=\"367\" height=\"207\" src=\"https:\/\/dijasporars.com\/wp-content\/uploads\/2026\/02\/\u0424\u043e\u0442\u043e-\u0412\u043b\u0430\u0434\u0430-\u0420\u0435\u043f\u0443\u0431\u043b\u0438\u043a\u0435-\u0421\u0440\u043f\u0441\u043a\u0435.jpg\" class=\"pt-cv-thumbnail\" alt=\"\" \/><\/a><\/p>\n<h4 class=\"pt-cv-title\"><a href=\"https:\/\/dijasporars.com\/de\/vlada-republike-srpske-usvojila-strategiju-saradnje-sa-dijasporom-za-period-2026-2032-godina\/\" class=\"_self\" target=\"_self\" >\u0412\u043b\u0430\u0434\u0430 \u0420\u0435\u043f\u0443\u0431\u043b\u0438\u043a\u0435 \u0421\u0440\u043f\u0441\u043a\u0435 \u0443\u0441\u0432\u043e\u0458\u0438\u043b\u0430 \u0421\u0442\u0440\u0430\u0442\u0435\u0433\u0438\u0458\u0443 \u0441\u0430\u0440\u0430\u0434\u045a\u0435 \u0441\u0430 \u0434\u0438\u0458\u0430\u0441\u043f\u043e\u0440\u043e\u043c \u0437\u0430 \u043f\u0435\u0440\u0438\u043e\u0434 2026-2032. \u0433\u043e\u0434\u0438\u043d\u0430<\/a><\/h4>\n<div class=\"pt-cv-content\">\u0412\u043b\u0430\u0434\u0430 \u0420\u0435\u043f\u0443\u0431\u043b\u0438\u043a\u0435 \u0421\u0440\u043f\u0441\u043a\u0435 \u0458\u0435 \u0443 \u0434\u0435\u0446\u0435\u043c\u0431\u0440\u0443 2025. \u0433\u043e\u0434\u0438\u043d\u0435 \u0443\u0441\u0432\u043e\u0458\u0438\u043b\u0430 \u00a0\u0421\u0442\u0440\u0430\u0442\u0435\u0433\u0438\u0458\u0443 \u0441\u0430\u0440\u0430\u0434\u045a\u0435 \u0441\u0430 \u0434\u0438\u0458\u0430\u0441\u043f\u043e\u0440\u043e\u043c \u0437\u0430 \u043f\u0435\u0440\u0438\u043e\u0434 2026-2032. \u0433\u043e\u0434\u0438\u043d\u0435, \u0447\u0438\u043c\u0435 \u0458\u0435 \u043f\u043e\u043a\u0430\u0437\u0430\u043d\u043e ...<\/p>\n<div class=\"pt-cv-rmwrap\"><a href=\"https:\/\/dijasporars.com\/de\/vlada-republike-srpske-usvojila-strategiju-saradnje-sa-dijasporom-za-period-2026-2032-godina\/\" class=\"_self pt-cv-readmore btn btn-success\" target=\"_self\">Mehr erfahren<\/a><\/div>\n<\/div>\n<\/div>\n<\/div>\n<div class=\"col-md-6 col-sm-6 col-xs-12 pt-cv-content-item pt-cv-1-col\" >\n<div class='pt-cv-ifield'><a href=\"https:\/\/dijasporars.com\/de\/nizom-manifestacija-srpska-i-srbija-obiljezile-dan-drzavnosti-u-beogradu-i-becu\/\" class=\"_self pt-cv-href-thumbnail pt-cv-thumb-default\" target=\"_self\" ><img loading=\"lazy\" decoding=\"async\" width=\"658\" height=\"493\" src=\"https:\/\/dijasporars.com\/wp-content\/uploads\/2026\/02\/\u0424\u043e\u0442\u043e-\u041c\u0438\u043b\u043e\u0440\u0430\u0434-\u0414\u043e\u0434\u0438\u043a.jpg\" class=\"pt-cv-thumbnail\" alt=\"\" \/><\/a><\/p>\n<h4 class=\"pt-cv-title\"><a href=\"https:\/\/dijasporars.com\/de\/nizom-manifestacija-srpska-i-srbija-obiljezile-dan-drzavnosti-u-beogradu-i-becu\/\" class=\"_self\" target=\"_self\" >\u0420\u0435\u043f\u0443\u0431\u043b\u0438\u043a\u0430 \u0421\u0440\u043f\u0441\u043a\u0430 \u0438 \u0421\u0440\u0431\u0438\u0458\u0430 \u043e\u0431\u0438\u0459\u0435\u0436\u0438\u043b\u0435 \u0414\u0430\u043d \u0434\u0440\u0436\u0430\u0432\u043d\u043e\u0441\u0442\u0438 \u0443 \u0411\u0435\u043e\u0433\u0440\u0430\u0434\u0443 \u0438 \u0411\u0435\u0447\u0443<\/a><\/h4>\n<div class=\"pt-cv-content\">\u041f\u043e\u0434 \u0441\u043b\u043e\u0433\u0430\u043d\u043e\u043c \u201e\u0421\u0430\u0431\u043e\u0440\u043d\u043e\u0441\u0442 \u0438 \u043f\u043e\u043d\u043e\u0441\u201c \u0421\u0440\u0435\u0442\u0435\u045a\u0435 - \u0414\u0430\u043d \u0434\u0440\u0436\u0430\u0432\u043d\u043e\u0441\u0442\u0438 \u0421\u0440\u0431\u0438\u0458\u0435 \u0438 \u0414\u0430\u043d \u0434\u0440\u0436\u0430\u0432\u043d\u043e\u0441\u0442\u0438 \u0420\u0435\u043f\u0443\u0431\u043b\u0438\u043a\u0435 \u0421\u0440\u043f\u0441\u043a\u0435 \u043e\u0431\u0438\u0459\u0435\u0436\u0435\u043d \u0458\u0435 \u043d\u0438\u0437\u043e\u043c \u043c\u0430\u043d\u0438\u0444\u0435\u0441\u0442\u0430\u0446\u0438\u0458\u0430 \u043e\u0434 ...<\/p>\n<div class=\"pt-cv-rmwrap\"><a href=\"https:\/\/dijasporars.com\/de\/nizom-manifestacija-srpska-i-srbija-obiljezile-dan-drzavnosti-u-beogradu-i-becu\/\" class=\"_self pt-cv-readmore btn btn-success\" target=\"_self\">Mehr erfahren<\/a><\/div>\n<\/div>\n<\/div>\n<\/div>\n<div class=\"col-md-6 col-sm-6 col-xs-12 pt-cv-content-item pt-cv-1-col\" >\n<div class='pt-cv-ifield'><a href=\"https:\/\/dijasporars.com\/de\/uspostavljen-dijalog-institucija-srpske-sa-stranim-investitorima\/\" class=\"_self pt-cv-href-thumbnail pt-cv-thumb-default\" target=\"_self\" ><img loading=\"lazy\" decoding=\"async\" width=\"658\" height=\"494\" src=\"https:\/\/dijasporars.com\/wp-content\/uploads\/2025\/11\/\u0424\u043e\u0442\u043e-\u0420\u0422\u0420\u0421.jpg\" class=\"pt-cv-thumbnail\" alt=\"\" \/><\/a><\/p>\n<h4 class=\"pt-cv-title\"><a href=\"https:\/\/dijasporars.com\/de\/uspostavljen-dijalog-institucija-srpske-sa-stranim-investitorima\/\" class=\"_self\" target=\"_self\" >\u0423\u0441\u043f\u043e\u0441\u0442\u0430\u0432\u0459\u0435\u043d \u0434\u0438\u0458\u0430\u043b\u043e\u0433 \u0438\u043d\u0441\u0442\u0438\u0442\u0443\u0446\u0438\u0458\u0430 \u0421\u0440\u043f\u0441\u043a\u0435 \u0441\u0430 \u0441\u0442\u0440\u0430\u043d\u0438\u043c \u0438\u043d\u0432\u0435\u0441\u0442\u0438\u0442\u043e\u0440\u0438\u043c\u0430<\/a><\/h4>\n<div class=\"pt-cv-content\">\u0421\u0430\u0432\u0458\u0435\u0442 \u0437\u0430 \u0441\u0442\u0440\u0430\u043d\u0435 \u0438\u043d\u0432\u0435\u0441\u0442\u0438\u0442\u043e\u0440\u0435, \u043a\u0430\u043e \u0441\u0430\u0432\u0458\u0435\u0442\u043e\u0434\u0430\u0432\u043d\u043e \u0442\u0438\u0458\u0435\u043b\u043e \u0412\u043b\u0430\u0434\u0435 \u0420\u0435\u043f\u0443\u0431\u043b\u0438\u043a\u0435 \u0421\u0440\u043f\u0441\u043a\u0435, \u0443\u0441\u043f\u043e\u0441\u0442\u0430\u0432\u0438\u043e \u0458\u0435 \u0441\u0442\u0430\u043b\u043d\u0438 \u0434\u0438\u0458\u0430\u043b\u043e\u0433 \u0438\u0437\u043c\u0435\u0452\u0443 \u0441\u0442\u0440\u0430\u043d\u0438\u0445 \u0438\u043d\u0432\u0435\u0441\u0442\u0438\u0442\u043e\u0440\u0430 \u0438 \u0440\u0435\u043f\u0443\u0431\u043b\u0438\u0447\u043a\u0438\u0445 \u0438\u043d\u0441\u0442\u0438\u0442\u0443\u0446\u0438\u0458\u0430 ...<\/p>\n<div class=\"pt-cv-rmwrap\"><a href=\"https:\/\/dijasporars.com\/de\/uspostavljen-dijalog-institucija-srpske-sa-stranim-investitorima\/\" class=\"_self pt-cv-readmore btn btn-success\" target=\"_self\">Mehr erfahren<\/a><\/div>\n<\/div>\n<\/div>\n<\/div>\n<div class=\"col-md-6 col-sm-6 col-xs-12 pt-cv-content-item pt-cv-1-col\" >\n<div class='pt-cv-ifield'><a href=\"https:\/\/dijasporars.com\/de\/dodijeljeni-sertifikati-u-okviru-fit4ai-sme-solution-manager-expert\/\" class=\"_self pt-cv-href-thumbnail pt-cv-thumb-default\" target=\"_self\" ><img loading=\"lazy\" decoding=\"async\" width=\"800\" height=\"600\" src=\"https:\/\/dijasporars.com\/wp-content\/uploads\/2026\/02\/\u0424\u043e\u0442\u043e-\u041f\u0440\u0435\u0434\u0441\u0442\u0430\u0432\u043d\u0438\u0448\u0442\u0432\u043e-\u0420\u0435\u043f\u0443\u0431\u043b\u0438\u043a\u0435-\u0421\u0440\u043f\u0441\u043a\u0435-\u0443-\u0420\u0435\u043f\u0443\u0431\u043b\u0438\u0446\u0438-\u0410\u0443\u0441\u0442\u0440\u0438\u0458\u0438.jpg\" class=\"pt-cv-thumbnail\" alt=\"\" \/><\/a><\/p>\n<h4 class=\"pt-cv-title\"><a href=\"https:\/\/dijasporars.com\/de\/dodijeljeni-sertifikati-u-okviru-fit4ai-sme-solution-manager-expert\/\" class=\"_self\" target=\"_self\" >\u0414\u043e\u0434\u0438\u0458\u0435\u0459\u0435\u043d\u0438 \u0441\u0435\u0440\u0442\u0438\u0444\u0438\u043a\u0430\u0442\u0438 \u0443 \u043e\u043a\u0432\u0438\u0440\u0443 \u201eFit4AI \u2013 SME Solution Manager \u2013 Expert\u201c<\/a><\/h4>\n<div class=\"pt-cv-content\">\u041f\u043e\u043b\u0430\u0437\u043d\u0438\u0446\u0438\u043c\u0430 \u043f\u0440\u043e\u0433\u0440\u0430\u043c\u0430 \u201eFit4AI \u2013 SME Solution Manager \u2013 Expert\u201c \u0458\u0443\u0447\u0435 \u0441\u0443 \u0443 \u0411\u0430\u045a\u0430\u043b\u0443\u0446\u0438 \u0434\u043e\u0434\u0438\u0458\u0435\u0459\u0435\u043d\u0438 \u0441\u0435\u0440\u0442\u0438\u0444\u0438\u043a\u0430\u0442\u0438. \u041f\u043e \u043f\u0440\u0432\u0438 \u043f\u0443\u0442, \u0434\u0435\u0432\u0435\u0442 \u0443\u0447\u0435\u0441\u043d\u0438\u043a\u0430 ...<\/p>\n<div class=\"pt-cv-rmwrap\"><a href=\"https:\/\/dijasporars.com\/de\/dodijeljeni-sertifikati-u-okviru-fit4ai-sme-solution-manager-expert\/\" class=\"_self pt-cv-readmore btn btn-success\" target=\"_self\">Mehr erfahren<\/a><\/div>\n<\/div>\n<\/div>\n<\/div>\n<div class=\"col-md-6 col-sm-6 col-xs-12 pt-cv-content-item pt-cv-1-col\" >\n<div class='pt-cv-ifield'><a href=\"https:\/\/dijasporars.com\/de\/kontinuirana-briga-o-mladima-koji-zive-u-dijaspori\/\" class=\"_self pt-cv-href-thumbnail pt-cv-thumb-default\" target=\"_self\" ><img loading=\"lazy\" decoding=\"async\" width=\"900\" height=\"506\" src=\"https:\/\/dijasporars.com\/wp-content\/uploads\/2026\/02\/\u0424\u043e\u0442\u043e-\u0420\u0430\u0434\u0438\u043e-\u0442\u0435\u043b\u0435\u0432\u0438\u0437\u0438\u0458\u0430-\u0421\u0440\u0431\u0438\u0458\u0435.jpg\" class=\"pt-cv-thumbnail\" alt=\"\" \/><\/a><\/p>\n<h4 class=\"pt-cv-title\"><a href=\"https:\/\/dijasporars.com\/de\/kontinuirana-briga-o-mladima-koji-zive-u-dijaspori\/\" class=\"_self\" target=\"_self\" >\u041a\u043e\u043d\u0442\u0438\u043d\u0443\u0438\u0440\u0430\u043d\u0430 \u0431\u0440\u0438\u0433\u0430 \u043e \u043c\u043b\u0430\u0434\u0438\u043c\u0430 \u043a\u043e\u0458\u0438 \u0436\u0438\u0432\u0435 \u0443 \u0434\u0438\u0458\u0430\u0441\u043f\u043e\u0440\u0438<\/a><\/h4>\n<div class=\"pt-cv-content\">\u0410\u0433\u0435\u043d\u0446\u0438\u0458\u0430 \u0437\u0430 \u043a\u0432\u0430\u043b\u0438\u0444\u0438\u043a\u0430\u0446\u0438\u0458\u0443 \u0438 \u0417\u0430\u0458\u0435\u0434\u043d\u0438\u0447\u043a\u043e \u0432\u0435\u045b\u0435 \u043e\u043f\u0448\u0442\u0438\u043d\u0430 \u0412\u0443\u043a\u043e\u0432\u0430\u0440 \u043f\u043e\u0442\u043f\u0438\u0441\u0430\u043b\u0438 \u0441\u0443 \u0458\u0443\u0447\u0435 \u0443 \u0412\u043b\u0430\u0434\u0438 \u0421\u0440\u0431\u0438\u0458\u0435 \u0441\u043f\u043e\u0440\u0430\u0437\u0443\u043c \u043e \u0441\u0430\u0440\u0430\u0434\u045a\u0438, \u0430 \u043f\u0440\u0435\u043c\u0438\u0458\u0435\u0440 \u043f\u0440\u043e\u0444 ...<\/p>\n<div class=\"pt-cv-rmwrap\"><a href=\"https:\/\/dijasporars.com\/de\/kontinuirana-briga-o-mladima-koji-zive-u-dijaspori\/\" class=\"_self pt-cv-readmore btn btn-success\" target=\"_self\">Mehr erfahren<\/a><\/div>\n<\/div>\n<\/div>\n<\/div>\n<div class=\"col-md-6 col-sm-6 col-xs-12 pt-cv-content-item pt-cv-1-col\" >\n<div class='pt-cv-ifield'><a href=\"https:\/\/dijasporars.com\/de\/jacanje-veza-mladih-iz-dijaspore-sa-maticom-kroz-sportske-aktivnosti\/\" class=\"_self pt-cv-href-thumbnail pt-cv-thumb-default\" target=\"_self\" ><img loading=\"lazy\" decoding=\"async\" width=\"900\" height=\"584\" src=\"https:\/\/dijasporars.com\/wp-content\/uploads\/2026\/02\/\u0424\u043e\u0442\u043e-\u0412\u043b\u0430\u0434\u0430-\u0420\u0435\u043f\u0443\u0431\u043b\u0438\u043a\u0435-\u0421\u0440\u0431\u0438\u0458\u0435.jpg\" class=\"pt-cv-thumbnail\" alt=\"\" \/><\/a><\/p>\n<h4 class=\"pt-cv-title\"><a href=\"https:\/\/dijasporars.com\/de\/jacanje-veza-mladih-iz-dijaspore-sa-maticom-kroz-sportske-aktivnosti\/\" class=\"_self\" target=\"_self\" >\u0408\u0430\u0447\u0430\u045a\u0435 \u0432\u0435\u0437\u0430 \u043c\u043b\u0430\u0434\u0438\u0445 \u0438\u0437 \u0434\u0438\u0458\u0430\u0441\u043f\u043e\u0440\u0435 \u0441\u0430 \u043c\u0430\u0442\u0438\u0446\u043e\u043c \u043a\u0440\u043e\u0437 \u0441\u043f\u043e\u0440\u0442\u0441\u043a\u0435 \u0430\u043a\u0442\u0438\u0432\u043d\u043e\u0441\u0442\u0438<\/a><\/h4>\n<div class=\"pt-cv-content\">Der Minister ohne Gesch\u00e4ftsbereich in der Regierung der Republik Serbien, zust\u00e4ndig f\u00fcr die Beobachtung der Lage, die Vorschlagserarbeitung von Ma\u00dfnahmen sowie die Koordinierung von Aktivit\u00e4ten im Bereich ...<\/p>\n<div class=\"pt-cv-rmwrap\"><a href=\"https:\/\/dijasporars.com\/de\/jacanje-veza-mladih-iz-dijaspore-sa-maticom-kroz-sportske-aktivnosti\/\" class=\"_self pt-cv-readmore btn btn-success\" target=\"_self\">Mehr erfahren<\/a><\/div>\n<\/div>\n<\/div>\n<\/div>\n<div class=\"col-md-6 col-sm-6 col-xs-12 pt-cv-content-item pt-cv-1-col\" >\n<div class='pt-cv-ifield'><a href=\"https:\/\/dijasporars.com\/de\/trebinje-prva-lokalna-zajednica-iz-republike-srpske-zvanicni-partner-svetosavskog-bala-u-becu\/\" class=\"_self pt-cv-href-thumbnail pt-cv-thumb-default\" target=\"_self\" ><img loading=\"lazy\" decoding=\"async\" width=\"900\" height=\"506\" src=\"https:\/\/dijasporars.com\/wp-content\/uploads\/2026\/02\/\u0422\u0443\u0440\u0438\u0441\u0442\u0438\u0447\u043a\u0430-\u043e\u0440\u0433\u0430\u043d\u0438\u0437\u0430\u0446\u0438\u0458\u0430-\u0413\u0440\u0430\u0434\u0430-\u0422\u0440\u0435\u0431\u0438\u045a\u0430.jpg\" class=\"pt-cv-thumbnail\" alt=\"\" \/><\/a><\/p>\n<h4 class=\"pt-cv-title\"><a href=\"https:\/\/dijasporars.com\/de\/trebinje-prva-lokalna-zajednica-iz-republike-srpske-zvanicni-partner-svetosavskog-bala-u-becu\/\" class=\"_self\" target=\"_self\" >\u0422\u0440\u0435\u0431\u0438\u045a\u0435, \u043f\u0440\u0432\u0430 \u043b\u043e\u043a\u0430\u043b\u043d\u0430 \u0437\u0430\u0458\u0435\u0434\u043d\u0438\u0446\u0430 \u0438\u0437 \u0420\u0435\u043f\u0443\u0431\u043b\u0438\u043a\u0435 \u0421\u0440\u043f\u0441\u043a\u0435, \u0437\u0432\u0430\u043d\u0438\u0447\u043d\u0438 \u043f\u0430\u0440\u0442\u043d\u0435\u0440 \u0421\u0432\u0435\u0442\u043e\u0441\u0430\u0432\u0441\u043a\u043e\u0433 \u0431\u0430\u043b\u0430 \u0443 \u0411\u0435\u0447\u0443<\/a><\/h4>\n<div class=\"pt-cv-content\">\u0413\u0440\u0430\u0434 \u0422\u0440\u0435\u0431\u0438\u045a\u0435, \u043f\u0440\u0432\u0430 \u0458\u0435 \u043b\u043e\u043a\u0430\u043b\u043d\u0430 \u0437\u0430\u0458\u0435\u0434\u043d\u0438\u0446\u0430 \u0438\u0437 \u0420\u0435\u043f\u0443\u0431\u043b\u0438\u043a\u0435 \u0421\u0440\u043f\u0441\u043a\u0435, \u043a\u043e\u0458\u0430 \u0458\u0435 \u0437\u0432\u0430\u043d\u0438\u0447\u043d\u0438 \u043f\u0430\u0440\u0442\u043d\u0435\u0440 \u0443 \u043e\u0440\u0433\u0430\u043d\u0438\u0437\u0430\u0446\u0438\u0458\u0438 \u0421\u0432\u0435\u0442\u043e\u0441\u0430\u0432\u0441\u043a\u043e\u0433 \u0431\u0430\u043b\u0430 \u0443 \u0411\u0435\u0447\u0443. \u0421\u0432\u0435\u0442\u043e\u0441\u0430\u0432\u0441\u043a\u0438 ...<\/p>\n<div class=\"pt-cv-rmwrap\"><a href=\"https:\/\/dijasporars.com\/de\/trebinje-prva-lokalna-zajednica-iz-republike-srpske-zvanicni-partner-svetosavskog-bala-u-becu\/\" class=\"_self pt-cv-readmore btn btn-success\" target=\"_self\">Mehr erfahren<\/a><\/div>\n<\/div>\n<\/div>\n<\/div>\n<\/div>\n<\/div>\n<\/div>\n<\/div>\n\t\t<\/div><\/div><\/div><\/div><\/div><\/div>","protected":false},"excerpt":{"rendered":"\u201e\u0414\u0430\u043d\u0438 \u0421\u0435\u043c\u0431\u0435\u0440\u0438\u0458\u0435 \u0443 \u0410\u0443\u0441\u0442\u0440\u0438\u0458\u0438\u201c \u043e\u0442\u0432\u0430\u0440\u0430\u0458\u0443 \u0432\u0440\u0430\u0442\u0430 \u0434\u043e\u043c\u0430\u045b\u0438\u043c \u043f\u0440\u0438\u0432\u0440\u0435\u0434\u043d\u0438\u0446\u0438\u043c\u0430 \u0423 \u0426\u0435\u043d\u0442\u0440\u0443 \u0437\u0430 \u043a\u0443\u043b\u0442\u0443\u0440\u0443 \u0411\u0438\u0458\u0435\u0459\u0438\u043d\u0430 \u0458\u0443\u0447\u0435 \u0458\u0435 \u043e\u0434\u0440\u0436\u0430\u043d \u0441\u0430\u0441\u0442\u0430\u043d\u0430\u043a \u043f\u0440\u0435\u0434\u0441\u0442\u0430\u0432\u043d\u0438\u043a\u0430 \u041f\u043e\u0434\u0440\u0443\u0447\u043d\u0435 \u043f\u0440\u0438\u0432\u0440\u0435\u0434\u043d\u0435 \u043a\u043e\u043c\u043e\u0440\u0435 \u0411\u0438\u0458\u0435\u0459\u0438\u043d\u0430, \u043b\u043e\u043a\u0430\u043b\u043d\u0438\u0445 \u043f\u0440\u0438\u0432\u0440\u0435\u0434\u043d\u0438\u043a\u0430 \u0438 \u041f\u0440\u0435\u0434\u0441\u0442\u0430\u0432\u043d\u0438\u0448\u0442\u0432\u0430 \u0420\u0435\u043f\u0443\u0431\u043b\u0438\u043a\u0435 \u0421\u0440\u043f\u0441\u043a\u0435 ... \u041f\u0440\u043e\u0447\u0438\u0442\u0430\u0458 \u0432\u0438\u0448\u0435 \u0414\u043e\u043f\u0440\u0438\u043d\u043e\u0441 \u043a\u0443\u043b\u0442\u0443\u0440\u0438 \u043d\u0430\u0448\u0435 \u0434\u0438\u0458\u0430\u0441\u043f\u043e\u0440\u0435 \u0443 \u0411\u0435\u0447\u0443 \u0421\u0432\u0435\u0442\u043b\u0430\u043d\u0430 \u041c\u0430\u0442\u0438\u045b \u0432\u0435\u045b \u0433\u043e\u0434\u0438\u043d\u0430\u043c\u0430 \u0440\u0430\u0434\u0438 \u043d\u0430 \u043e\u0447\u0443\u0432\u0430\u045a\u0443 \u0441\u0440\u043f\u0441\u043a\u043e\u0433 \u0458\u0435\u0437\u0438\u043a\u0430 \u0438 \u045b\u0438\u0440\u0438\u043b\u0438\u0446\u0435, \u043a\u0430\u043e \u0438 \u0442\u0440\u0430\u0434\u0438\u0446\u0438\u0458\u0435 \u0438 \u043d\u0430\u0446\u0438\u043e\u043d\u0430\u043b\u043d\u043e\u0433 \u0438\u0434\u0435\u043d\u0442\u0438\u0442\u0435\u0442\u0430 \u0443...","protected":false},"author":1,"featured_media":0,"parent":0,"menu_order":0,"comment_status":"closed","ping_status":"closed","template":"","meta":{"footnotes":""},"class_list":["post-2061","page","type-page","status-publish","hentry"],"yoast_head":"<!-- This site is optimized with the Yoast SEO plugin v24.6 - https:\/\/yoast.com\/wordpress\/plugins\/seo\/ -->\n<title>\u0412\u0438\u0458\u0435\u0441\u0442\u0438 \u0420\u0435\u043f\u0443\u0431\u043b\u0438\u043a\u0430 \u0421\u0440\u043f\u0441\u043a\u0430 - \u0420\u0435\u043f\u0443\u0431\u043b\u0438\u043a\u0430 \u0421\u0440\u043f\u0441\u043a\u0430 \u0438 \u0434\u0438\u0458\u0430\u0441\u043f\u043e\u0440\u0430<\/title>\n<meta name=\"description\" content=\"Stranica za dijasporu RS, ovdje mo\u017eete prona\u0107i sve informacije, pomo\u0107 i savjete na jednom mjestu.\" \/>\n<meta name=\"robots\" content=\"index, follow, max-snippet:-1, max-image-preview:large, max-video-preview:-1\" \/>\n<link rel=\"canonical\" href=\"https:\/\/dijasporars.com\/de\/vijesti-republika-srpska\/\" \/>\n<meta property=\"og:locale\" content=\"de_DE\" \/>\n<meta property=\"og:type\" content=\"article\" \/>\n<meta property=\"og:title\" content=\"\u0412\u0438\u0458\u0435\u0441\u0442\u0438 \u0420\u0435\u043f\u0443\u0431\u043b\u0438\u043a\u0430 \u0421\u0440\u043f\u0441\u043a\u0430 - \u0420\u0435\u043f\u0443\u0431\u043b\u0438\u043a\u0430 \u0421\u0440\u043f\u0441\u043a\u0430 \u0438 \u0434\u0438\u0458\u0430\u0441\u043f\u043e\u0440\u0430\" \/>\n<meta property=\"og:description\" content=\"Stranica za dijasporu RS, ovdje mo\u017eete prona\u0107i sve informacije, pomo\u0107 i savjete na jednom mjestu.\" \/>\n<meta property=\"og:url\" content=\"https:\/\/dijasporars.com\/de\/vijesti-republika-srpska\/\" \/>\n<meta property=\"og:site_name\" content=\"\u0420\u0435\u043f\u0443\u0431\u043b\u0438\u043a\u0430 \u0421\u0440\u043f\u0441\u043a\u0430 \u0438 \u0434\u0438\u0458\u0430\u0441\u043f\u043e\u0440\u0430\" \/>\n<meta property=\"article:modified_time\" content=\"2023-05-25T10:32:15+00:00\" \/>\n<meta name=\"twitter:card\" content=\"summary_large_image\" \/>\n<script type=\"application\/ld+json\" class=\"yoast-schema-graph\">{\"@context\":\"https:\/\/schema.org\",\"@graph\":[{\"@type\":\"WebPage\",\"@id\":\"https:\/\/dijasporars.com\/vijesti-republika-srpska\/\",\"url\":\"https:\/\/dijasporars.com\/vijesti-republika-srpska\/\",\"name\":\"\u0412\u0438\u0458\u0435\u0441\u0442\u0438 \u0420\u0435\u043f\u0443\u0431\u043b\u0438\u043a\u0430 \u0421\u0440\u043f\u0441\u043a\u0430 - \u0420\u0435\u043f\u0443\u0431\u043b\u0438\u043a\u0430 \u0421\u0440\u043f\u0441\u043a\u0430 \u0438 \u0434\u0438\u0458\u0430\u0441\u043f\u043e\u0440\u0430\",\"isPartOf\":{\"@id\":\"https:\/\/dijasporars.com\/#website\"},\"datePublished\":\"2020-12-09T11:55:46+00:00\",\"dateModified\":\"2023-05-25T10:32:15+00:00\",\"description\":\"Stranica za dijasporu RS, ovdje mo\u017eete prona\u0107i sve informacije, pomo\u0107 i savjete na jednom mjestu.\",\"breadcrumb\":{\"@id\":\"https:\/\/dijasporars.com\/vijesti-republika-srpska\/#breadcrumb\"},\"inLanguage\":\"de\",\"potentialAction\":[{\"@type\":\"ReadAction\",\"target\":[\"https:\/\/dijasporars.com\/vijesti-republika-srpska\/\"]}]},{\"@type\":\"BreadcrumbList\",\"@id\":\"https:\/\/dijasporars.com\/vijesti-republika-srpska\/#breadcrumb\",\"itemListElement\":[{\"@type\":\"ListItem\",\"position\":1,\"name\":\"\u041f\u043e\u0447\u0435\u0442\u043d\u0430\",\"item\":\"https:\/\/dijasporars.com\/\"},{\"@type\":\"ListItem\",\"position\":2,\"name\":\"\u0412\u0438\u0458\u0435\u0441\u0442\u0438 \u0420\u0435\u043f\u0443\u0431\u043b\u0438\u043a\u0430 \u0421\u0440\u043f\u0441\u043a\u0430\"}]},{\"@type\":\"WebSite\",\"@id\":\"https:\/\/dijasporars.com\/#website\",\"url\":\"https:\/\/dijasporars.com\/\",\"name\":\"\u0420\u0435\u043f\u0443\u0431\u043b\u0438\u043a\u0430 \u0421\u0440\u043f\u0441\u043a\u0430 \u0438 \u0434\u0438\u0458\u0430\u0441\u043f\u043e\u0440\u0430\",\"description\":\"\",\"potentialAction\":[{\"@type\":\"SearchAction\",\"target\":{\"@type\":\"EntryPoint\",\"urlTemplate\":\"https:\/\/dijasporars.com\/?s={search_term_string}\"},\"query-input\":{\"@type\":\"PropertyValueSpecification\",\"valueRequired\":true,\"valueName\":\"search_term_string\"}}],\"inLanguage\":\"de\"}]}<\/script>\n<!-- \/ Yoast SEO plugin. -->","yoast_head_json":{"title":"\u0412\u0438\u0458\u0435\u0441\u0442\u0438 \u0420\u0435\u043f\u0443\u0431\u043b\u0438\u043a\u0430 \u0421\u0440\u043f\u0441\u043a\u0430 - \u0420\u0435\u043f\u0443\u0431\u043b\u0438\u043a\u0430 \u0421\u0440\u043f\u0441\u043a\u0430 \u0438 \u0434\u0438\u0458\u0430\u0441\u043f\u043e\u0440\u0430","description":"Stranica za dijasporu RS, ovdje mo\u017eete prona\u0107i sve informacije, pomo\u0107 i savjete na jednom mjestu.","robots":{"index":"index","follow":"follow","max-snippet":"max-snippet:-1","max-image-preview":"max-image-preview:large","max-video-preview":"max-video-preview:-1"},"canonical":"https:\/\/dijasporars.com\/de\/vijesti-republika-srpska\/","og_locale":"de_DE","og_type":"article","og_title":"\u0412\u0438\u0458\u0435\u0441\u0442\u0438 \u0420\u0435\u043f\u0443\u0431\u043b\u0438\u043a\u0430 \u0421\u0440\u043f\u0441\u043a\u0430 - \u0420\u0435\u043f\u0443\u0431\u043b\u0438\u043a\u0430 \u0421\u0440\u043f\u0441\u043a\u0430 \u0438 \u0434\u0438\u0458\u0430\u0441\u043f\u043e\u0440\u0430","og_description":"Stranica za dijasporu RS, ovdje mo\u017eete prona\u0107i sve informacije, pomo\u0107 i savjete na jednom mjestu.","og_url":"https:\/\/dijasporars.com\/de\/vijesti-republika-srpska\/","og_site_name":"\u0420\u0435\u043f\u0443\u0431\u043b\u0438\u043a\u0430 \u0421\u0440\u043f\u0441\u043a\u0430 \u0438 \u0434\u0438\u0458\u0430\u0441\u043f\u043e\u0440\u0430","article_modified_time":"2023-05-25T10:32:15+00:00","twitter_card":"summary_large_image","schema":{"@context":"https:\/\/schema.org","@graph":[{"@type":"WebPage","@id":"https:\/\/dijasporars.com\/vijesti-republika-srpska\/","url":"https:\/\/dijasporars.com\/vijesti-republika-srpska\/","name":"\u0412\u0438\u0458\u0435\u0441\u0442\u0438 \u0420\u0435\u043f\u0443\u0431\u043b\u0438\u043a\u0430 \u0421\u0440\u043f\u0441\u043a\u0430 - \u0420\u0435\u043f\u0443\u0431\u043b\u0438\u043a\u0430 \u0421\u0440\u043f\u0441\u043a\u0430 \u0438 \u0434\u0438\u0458\u0430\u0441\u043f\u043e\u0440\u0430","isPartOf":{"@id":"https:\/\/dijasporars.com\/#website"},"datePublished":"2020-12-09T11:55:46+00:00","dateModified":"2023-05-25T10:32:15+00:00","description":"Stranica za dijasporu RS, ovdje mo\u017eete prona\u0107i sve informacije, pomo\u0107 i savjete na jednom mjestu.","breadcrumb":{"@id":"https:\/\/dijasporars.com\/vijesti-republika-srpska\/#breadcrumb"},"inLanguage":"de","potentialAction":[{"@type":"ReadAction","target":["https:\/\/dijasporars.com\/vijesti-republika-srpska\/"]}]},{"@type":"BreadcrumbList","@id":"https:\/\/dijasporars.com\/vijesti-republika-srpska\/#breadcrumb","itemListElement":[{"@type":"ListItem","position":1,"name":"\u041f\u043e\u0447\u0435\u0442\u043d\u0430","item":"https:\/\/dijasporars.com\/"},{"@type":"ListItem","position":2,"name":"\u0412\u0438\u0458\u0435\u0441\u0442\u0438 \u0420\u0435\u043f\u0443\u0431\u043b\u0438\u043a\u0430 \u0421\u0440\u043f\u0441\u043a\u0430"}]},{"@type":"WebSite","@id":"https:\/\/dijasporars.com\/#website","url":"https:\/\/dijasporars.com\/","name":"\u0420\u0435\u043f\u0443\u0431\u043b\u0438\u043a\u0430 \u0421\u0440\u043f\u0441\u043a\u0430 \u0438 \u0434\u0438\u0458\u0430\u0441\u043f\u043e\u0440\u0430","description":"","potentialAction":[{"@type":"SearchAction","target":{"@type":"EntryPoint","urlTemplate":"https:\/\/dijasporars.com\/?s={search_term_string}"},"query-input":{"@type":"PropertyValueSpecification","valueRequired":true,"valueName":"search_term_string"}}],"inLanguage":"de"}]}},"_links":{"self":[{"href":"https:\/\/dijasporars.com\/de\/wp-json\/wp\/v2\/pages\/2061","targetHints":{"allow":["GET"]}}],"collection":[{"href":"https:\/\/dijasporars.com\/de\/wp-json\/wp\/v2\/pages"}],"about":[{"href":"https:\/\/dijasporars.com\/de\/wp-json\/wp\/v2\/types\/page"}],"author":[{"embeddable":true,"href":"https:\/\/dijasporars.com\/de\/wp-json\/wp\/v2\/users\/1"}],"replies":[{"embeddable":true,"href":"https:\/\/dijasporars.com\/de\/wp-json\/wp\/v2\/comments?post=2061"}],"version-history":[{"count":4,"href":"https:\/\/dijasporars.com\/de\/wp-json\/wp\/v2\/pages\/2061\/revisions"}],"predecessor-version":[{"id":5586,"href":"https:\/\/dijasporars.com\/de\/wp-json\/wp\/v2\/pages\/2061\/revisions\/5586"}],"wp:attachment":[{"href":"https:\/\/dijasporars.com\/de\/wp-json\/wp\/v2\/media?parent=2061"}],"curies":[{"name":"wp","href":"https:\/\/api.w.org\/{rel}","templated":true}]}}